{"id":16224,"date":"2023-09-12T10:04:45","date_gmt":"2023-09-12T08:04:45","guid":{"rendered":"https:\/\/www.grenobleurl.fr\/annuaire-isere\/annuaire-isere\/16224\/\/"},"modified":"2023-09-12T11:06:57","modified_gmt":"2023-09-12T09:06:57","slug":"ensemble-vocal-atouchoeur","status":"publish","type":"wpbdp_listing","link":"https:\/\/www.grenobleurl.fr\/annuaire-isere\/annuaire-isere\/16224\/ensemble-vocal-atouchoeur\/","title":{"rendered":"Ensemble vocal ATOUCHOEUR"},"content":{"rendered":"<p>Ensemble vocal ATOUCHOEUR<\/p>\n<p><img loading=\"lazy\" decoding=\"async\" class=\"alignleft size-medium wp-image-16225\" src=\"https:\/\/www.grenobleurl.fr\/annuaire-isere\/wp-content\/uploads\/2022\/10\/atoutchoeur-300x200.jpg\" alt=\"\" width=\"300\" height=\"200\" srcset=\"https:\/\/www.grenobleurl.fr\/annuaire-isere\/wp-content\/uploads\/2022\/10\/atoutchoeur-300x200.jpg 300w, https:\/\/www.grenobleurl.fr\/annuaire-isere\/wp-content\/uploads\/2022\/10\/atoutchoeur-1024x683.jpg 1024w, https:\/\/www.grenobleurl.fr\/annuaire-isere\/wp-content\/uploads\/2022\/10\/atoutchoeur-768x512.jpg 768w, https:\/\/www.grenobleurl.fr\/annuaire-isere\/wp-content\/uploads\/2022\/10\/atoutchoeur-1536x1024.jpg 1536w, https:\/\/www.grenobleurl.fr\/annuaire-isere\/wp-content\/uploads\/2022\/10\/atoutchoeur-703x469.jpg 703w, https:\/\/www.grenobleurl.fr\/annuaire-isere\/wp-content\/uploads\/2022\/10\/atoutchoeur-150x100.jpg 150w, https:\/\/www.grenobleurl.fr\/annuaire-isere\/wp-content\/uploads\/2022\/10\/atoutchoeur-500x333.jpg 500w, https:\/\/www.grenobleurl.fr\/annuaire-isere\/wp-content\/uploads\/2022\/10\/atoutchoeur.jpg 1600w\" sizes=\"auto, (max-width: 300px) 100vw, 300px\" \/>L&rsquo;ensemble a \u00e9t\u00e9 cr\u00e9\u00e9 en 1987 par son chef de choeur actuel Christophe Jean Baptiste.<br \/>\nBas\u00e9 \u00e0 Meylan , l&rsquo;ensemble vocal regroupe deux choeurs :<br \/>\nLe Petit Choeur : 20 chanteurs recrut\u00e9s sur audition. R\u00e9p\u00e9tition le mardi soir de 20h15 \u00e0 22h15.<br \/>\nLe Grand Choeur : avec environ 50 chanteurs, il accueille toute personne ayant l&rsquo;envie de chanter, d\u00e9butant ou non. R\u00e9p\u00e9tition le mercredi soir de 20h30 \u00e0 22h30.<br \/>\nPour les deux, le r\u00e9pertoire est essentiellement classique.<br \/>\nAtoutchoeur organise \u00e9galement des Ateliers de Technique Vocale, \u00e9galement chaque mercredi, de 17h \u00e0 19h. La participation est ouverte \u00e0 tous, choristes Atoutchoeur et ext\u00e9rieurs.<\/p>\n<p>Pour plus de renseignements : <a href=\"http:\/\/www.atoutchoeur-meylan.fr\">www.atoutchoeur-meylan.fr<\/a><\/p>\n","protected":false},"excerpt":{"rendered":"<p>Ensemble vocal ATOUCHOEUR L&rsquo;ensemble a \u00e9t\u00e9 cr\u00e9\u00e9 en 1987 par son chef de choeur actuel Christophe Jean Baptiste. Bas\u00e9 \u00e0 Meylan , l&rsquo;ensemble vocal regroupe deux choeurs : Le Petit Choeur : 20 chanteurs recrut\u00e9s sur audition. R\u00e9p\u00e9tition le mardi soir de 20h15 \u00e0 22h15. Le Grand Choeur : avec environ 50 chanteurs, il accueille &hellip; <\/p>\n<p><a class=\"more-link btn\" href=\"https:\/\/www.grenobleurl.fr\/annuaire-isere\/annuaire-isere\/16224\/ensemble-vocal-atouchoeur\/\">Lire la suite<\/a><\/p>\n","protected":false},"author":1,"featured_media":16225,"comment_status":"open","ping_status":"closed","template":"","meta":[],"wpbdp_category":[13,90,74],"wpbdp_tag":[],"class_list":["post-16224","wpbdp_listing","type-wpbdp_listing","status-publish","has-post-thumbnail","hentry","wpbdp_category-arts-et-culture","wpbdp_category-musiques","wpbdp_category-arts-et-culture-2","nodate","item-wrap"],"yoast_head":"<!-- This site is optimized with the Yoast SEO plugin v27.3 - https:\/\/yoast.com\/product\/yoast-seo-wordpress\/ -->\n<title>Ensemble vocal ATOUCHOEUR - Annuaire Is\u00e8re<\/title>\n<meta name=\"description\" content=\"L&#039;ensemble a \u00e9t\u00e9 cr\u00e9\u00e9 en 1987 par son chef de choeur actuel Christophe Jean Baptiste.Bas\u00e9 \u00e0 Meylan , l&#039;ensemble vocal regroupe deux choeurs\" \/>\n<meta name=\"robots\" content=\"index, follow, max-snippet:-1, max-image-preview:large, max-video-preview:-1\" \/>\n<link rel=\"canonical\" href=\"https:\/\/www.grenobleurl.fr\/annuaire-isere\/annuaire-isere\/16224\/ensemble-vocal-atouchoeur\/\" \/>\n<meta property=\"og:locale\" content=\"fr_FR\" \/>\n<meta property=\"og:type\" content=\"article\" \/>\n<meta property=\"og:title\" content=\"Ensemble vocal ATOUCHOEUR - Annuaire Is\u00e8re\" \/>\n<meta property=\"og:description\" content=\"L&#039;ensemble a \u00e9t\u00e9 cr\u00e9\u00e9 en 1987 par son chef de choeur actuel Christophe Jean Baptiste.Bas\u00e9 \u00e0 Meylan , l&#039;ensemble vocal regroupe deux choeurs\" \/>\n<meta property=\"og:url\" content=\"https:\/\/www.grenobleurl.fr\/annuaire-isere\/annuaire-isere\/16224\/ensemble-vocal-atouchoeur\/\" \/>\n<meta property=\"og:site_name\" content=\"Annuaire Is\u00e8re\" \/>\n<meta property=\"article:publisher\" content=\"https:\/\/www.facebook.com\/portail.grenobleurl\" \/>\n<meta property=\"article:modified_time\" content=\"2023-09-12T09:06:57+00:00\" \/>\n<meta property=\"og:image\" content=\"https:\/\/www.grenobleurl.fr\/annuaire-isere\/wp-content\/uploads\/2022\/10\/atoutchoeur.jpg\" \/>\n\t<meta property=\"og:image:width\" content=\"1600\" \/>\n\t<meta property=\"og:image:height\" content=\"1067\" \/>\n\t<meta property=\"og:image:type\" content=\"image\/jpeg\" \/>\n<meta name=\"twitter:card\" content=\"summary_large_image\" \/>\n<meta name=\"twitter:label1\" content=\"Dur\u00e9e de lecture estim\u00e9e\" \/>\n\t<meta name=\"twitter:data1\" content=\"1 minute\" \/>\n<script type=\"application\/ld+json\" class=\"yoast-schema-graph\">{\"@context\":\"https:\\\/\\\/schema.org\",\"@graph\":[{\"@type\":\"WebPage\",\"@id\":\"https:\\\/\\\/www.grenobleurl.fr\\\/annuaire-isere\\\/annuaire-isere\\\/16224\\\/ensemble-vocal-atouchoeur\\\/\",\"url\":\"https:\\\/\\\/www.grenobleurl.fr\\\/annuaire-isere\\\/annuaire-isere\\\/16224\\\/ensemble-vocal-atouchoeur\\\/\",\"name\":\"Ensemble vocal ATOUCHOEUR - Annuaire Is\u00e8re\",\"isPartOf\":{\"@id\":\"https:\\\/\\\/www.grenobleurl.fr\\\/annuaire-isere\\\/#website\"},\"primaryImageOfPage\":{\"@id\":\"https:\\\/\\\/www.grenobleurl.fr\\\/annuaire-isere\\\/annuaire-isere\\\/16224\\\/ensemble-vocal-atouchoeur\\\/#primaryimage\"},\"image\":{\"@id\":\"https:\\\/\\\/www.grenobleurl.fr\\\/annuaire-isere\\\/annuaire-isere\\\/16224\\\/ensemble-vocal-atouchoeur\\\/#primaryimage\"},\"thumbnailUrl\":\"https:\\\/\\\/www.grenobleurl.fr\\\/annuaire-isere\\\/wp-content\\\/uploads\\\/2022\\\/10\\\/atoutchoeur.jpg\",\"datePublished\":\"2023-09-12T08:04:45+00:00\",\"dateModified\":\"2023-09-12T09:06:57+00:00\",\"description\":\"L'ensemble a \u00e9t\u00e9 cr\u00e9\u00e9 en 1987 par son chef de choeur actuel Christophe Jean Baptiste.Bas\u00e9 \u00e0 Meylan , l'ensemble vocal regroupe deux choeurs\",\"breadcrumb\":{\"@id\":\"https:\\\/\\\/www.grenobleurl.fr\\\/annuaire-isere\\\/annuaire-isere\\\/16224\\\/ensemble-vocal-atouchoeur\\\/#breadcrumb\"},\"inLanguage\":\"fr-FR\",\"potentialAction\":[{\"@type\":\"ReadAction\",\"target\":[\"https:\\\/\\\/www.grenobleurl.fr\\\/annuaire-isere\\\/annuaire-isere\\\/16224\\\/ensemble-vocal-atouchoeur\\\/\"]}]},{\"@type\":\"ImageObject\",\"inLanguage\":\"fr-FR\",\"@id\":\"https:\\\/\\\/www.grenobleurl.fr\\\/annuaire-isere\\\/annuaire-isere\\\/16224\\\/ensemble-vocal-atouchoeur\\\/#primaryimage\",\"url\":\"https:\\\/\\\/www.grenobleurl.fr\\\/annuaire-isere\\\/wp-content\\\/uploads\\\/2022\\\/10\\\/atoutchoeur.jpg\",\"contentUrl\":\"https:\\\/\\\/www.grenobleurl.fr\\\/annuaire-isere\\\/wp-content\\\/uploads\\\/2022\\\/10\\\/atoutchoeur.jpg\",\"width\":1600,\"height\":1067},{\"@type\":\"BreadcrumbList\",\"@id\":\"https:\\\/\\\/www.grenobleurl.fr\\\/annuaire-isere\\\/annuaire-isere\\\/16224\\\/ensemble-vocal-atouchoeur\\\/#breadcrumb\",\"itemListElement\":[{\"@type\":\"ListItem\",\"position\":1,\"name\":\"Accueil\",\"item\":\"https:\\\/\\\/www.grenobleurl.fr\\\/annuaire-isere\\\/\"},{\"@type\":\"ListItem\",\"position\":2,\"name\":\"Ensemble vocal ATOUCHOEUR\"}]},{\"@type\":\"WebSite\",\"@id\":\"https:\\\/\\\/www.grenobleurl.fr\\\/annuaire-isere\\\/#website\",\"url\":\"https:\\\/\\\/www.grenobleurl.fr\\\/annuaire-isere\\\/\",\"name\":\"Annuaire Is\u00e8re\",\"description\":\"Sites et blogs de l&#039;Is\u00e8re\",\"publisher\":{\"@id\":\"https:\\\/\\\/www.grenobleurl.fr\\\/annuaire-isere\\\/#\\\/schema\\\/person\\\/3f9a50c7a7e0e4bff4c9db1abfbf2227\"},\"potentialAction\":[{\"@type\":\"SearchAction\",\"target\":{\"@type\":\"EntryPoint\",\"urlTemplate\":\"https:\\\/\\\/www.grenobleurl.fr\\\/annuaire-isere\\\/?s={search_term_string}\"},\"query-input\":{\"@type\":\"PropertyValueSpecification\",\"valueRequired\":true,\"valueName\":\"search_term_string\"}}],\"inLanguage\":\"fr-FR\"},{\"@type\":[\"Person\",\"Organization\"],\"@id\":\"https:\\\/\\\/www.grenobleurl.fr\\\/annuaire-isere\\\/#\\\/schema\\\/person\\\/3f9a50c7a7e0e4bff4c9db1abfbf2227\",\"name\":\"administrateur\",\"image\":{\"@type\":\"ImageObject\",\"inLanguage\":\"fr-FR\",\"@id\":\"https:\\\/\\\/secure.gravatar.com\\\/avatar\\\/d0fc7d68e15c7c456cf6f1b9b774d54a7a9e6452d8deac23b3f1ef133710d3d3?s=96&d=mm&r=g\",\"url\":\"https:\\\/\\\/secure.gravatar.com\\\/avatar\\\/d0fc7d68e15c7c456cf6f1b9b774d54a7a9e6452d8deac23b3f1ef133710d3d3?s=96&d=mm&r=g\",\"contentUrl\":\"https:\\\/\\\/secure.gravatar.com\\\/avatar\\\/d0fc7d68e15c7c456cf6f1b9b774d54a7a9e6452d8deac23b3f1ef133710d3d3?s=96&d=mm&r=g\",\"caption\":\"administrateur\"},\"logo\":{\"@id\":\"https:\\\/\\\/secure.gravatar.com\\\/avatar\\\/d0fc7d68e15c7c456cf6f1b9b774d54a7a9e6452d8deac23b3f1ef133710d3d3?s=96&d=mm&r=g\"},\"sameAs\":[\"https:\\\/\\\/www.facebook.com\\\/portail.grenobleurl\"]}]}<\/script>\n<!-- \/ Yoast SEO plugin. -->","yoast_head_json":{"title":"Ensemble vocal ATOUCHOEUR - Annuaire Is\u00e8re","description":"L'ensemble a \u00e9t\u00e9 cr\u00e9\u00e9 en 1987 par son chef de choeur actuel Christophe Jean Baptiste.Bas\u00e9 \u00e0 Meylan , l'ensemble vocal regroupe deux choeurs","robots":{"index":"index","follow":"follow","max-snippet":"max-snippet:-1","max-image-preview":"max-image-preview:large","max-video-preview":"max-video-preview:-1"},"canonical":"https:\/\/www.grenobleurl.fr\/annuaire-isere\/annuaire-isere\/16224\/ensemble-vocal-atouchoeur\/","og_locale":"fr_FR","og_type":"article","og_title":"Ensemble vocal ATOUCHOEUR - Annuaire Is\u00e8re","og_description":"L'ensemble a \u00e9t\u00e9 cr\u00e9\u00e9 en 1987 par son chef de choeur actuel Christophe Jean Baptiste.Bas\u00e9 \u00e0 Meylan , l'ensemble vocal regroupe deux choeurs","og_url":"https:\/\/www.grenobleurl.fr\/annuaire-isere\/annuaire-isere\/16224\/ensemble-vocal-atouchoeur\/","og_site_name":"Annuaire Is\u00e8re","article_publisher":"https:\/\/www.facebook.com\/portail.grenobleurl","article_modified_time":"2023-09-12T09:06:57+00:00","og_image":[{"width":1600,"height":1067,"url":"https:\/\/www.grenobleurl.fr\/annuaire-isere\/wp-content\/uploads\/2022\/10\/atoutchoeur.jpg","type":"image\/jpeg"}],"twitter_card":"summary_large_image","twitter_misc":{"Dur\u00e9e de lecture estim\u00e9e":"1 minute"},"schema":{"@context":"https:\/\/schema.org","@graph":[{"@type":"WebPage","@id":"https:\/\/www.grenobleurl.fr\/annuaire-isere\/annuaire-isere\/16224\/ensemble-vocal-atouchoeur\/","url":"https:\/\/www.grenobleurl.fr\/annuaire-isere\/annuaire-isere\/16224\/ensemble-vocal-atouchoeur\/","name":"Ensemble vocal ATOUCHOEUR - Annuaire Is\u00e8re","isPartOf":{"@id":"https:\/\/www.grenobleurl.fr\/annuaire-isere\/#website"},"primaryImageOfPage":{"@id":"https:\/\/www.grenobleurl.fr\/annuaire-isere\/annuaire-isere\/16224\/ensemble-vocal-atouchoeur\/#primaryimage"},"image":{"@id":"https:\/\/www.grenobleurl.fr\/annuaire-isere\/annuaire-isere\/16224\/ensemble-vocal-atouchoeur\/#primaryimage"},"thumbnailUrl":"https:\/\/www.grenobleurl.fr\/annuaire-isere\/wp-content\/uploads\/2022\/10\/atoutchoeur.jpg","datePublished":"2023-09-12T08:04:45+00:00","dateModified":"2023-09-12T09:06:57+00:00","description":"L'ensemble a \u00e9t\u00e9 cr\u00e9\u00e9 en 1987 par son chef de choeur actuel Christophe Jean Baptiste.Bas\u00e9 \u00e0 Meylan , l'ensemble vocal regroupe deux choeurs","breadcrumb":{"@id":"https:\/\/www.grenobleurl.fr\/annuaire-isere\/annuaire-isere\/16224\/ensemble-vocal-atouchoeur\/#breadcrumb"},"inLanguage":"fr-FR","potentialAction":[{"@type":"ReadAction","target":["https:\/\/www.grenobleurl.fr\/annuaire-isere\/annuaire-isere\/16224\/ensemble-vocal-atouchoeur\/"]}]},{"@type":"ImageObject","inLanguage":"fr-FR","@id":"https:\/\/www.grenobleurl.fr\/annuaire-isere\/annuaire-isere\/16224\/ensemble-vocal-atouchoeur\/#primaryimage","url":"https:\/\/www.grenobleurl.fr\/annuaire-isere\/wp-content\/uploads\/2022\/10\/atoutchoeur.jpg","contentUrl":"https:\/\/www.grenobleurl.fr\/annuaire-isere\/wp-content\/uploads\/2022\/10\/atoutchoeur.jpg","width":1600,"height":1067},{"@type":"BreadcrumbList","@id":"https:\/\/www.grenobleurl.fr\/annuaire-isere\/annuaire-isere\/16224\/ensemble-vocal-atouchoeur\/#breadcrumb","itemListElement":[{"@type":"ListItem","position":1,"name":"Accueil","item":"https:\/\/www.grenobleurl.fr\/annuaire-isere\/"},{"@type":"ListItem","position":2,"name":"Ensemble vocal ATOUCHOEUR"}]},{"@type":"WebSite","@id":"https:\/\/www.grenobleurl.fr\/annuaire-isere\/#website","url":"https:\/\/www.grenobleurl.fr\/annuaire-isere\/","name":"Annuaire Is\u00e8re","description":"Sites et blogs de l&#039;Is\u00e8re","publisher":{"@id":"https:\/\/www.grenobleurl.fr\/annuaire-isere\/#\/schema\/person\/3f9a50c7a7e0e4bff4c9db1abfbf2227"},"potentialAction":[{"@type":"SearchAction","target":{"@type":"EntryPoint","urlTemplate":"https:\/\/www.grenobleurl.fr\/annuaire-isere\/?s={search_term_string}"},"query-input":{"@type":"PropertyValueSpecification","valueRequired":true,"valueName":"search_term_string"}}],"inLanguage":"fr-FR"},{"@type":["Person","Organization"],"@id":"https:\/\/www.grenobleurl.fr\/annuaire-isere\/#\/schema\/person\/3f9a50c7a7e0e4bff4c9db1abfbf2227","name":"administrateur","image":{"@type":"ImageObject","inLanguage":"fr-FR","@id":"https:\/\/secure.gravatar.com\/avatar\/d0fc7d68e15c7c456cf6f1b9b774d54a7a9e6452d8deac23b3f1ef133710d3d3?s=96&d=mm&r=g","url":"https:\/\/secure.gravatar.com\/avatar\/d0fc7d68e15c7c456cf6f1b9b774d54a7a9e6452d8deac23b3f1ef133710d3d3?s=96&d=mm&r=g","contentUrl":"https:\/\/secure.gravatar.com\/avatar\/d0fc7d68e15c7c456cf6f1b9b774d54a7a9e6452d8deac23b3f1ef133710d3d3?s=96&d=mm&r=g","caption":"administrateur"},"logo":{"@id":"https:\/\/secure.gravatar.com\/avatar\/d0fc7d68e15c7c456cf6f1b9b774d54a7a9e6452d8deac23b3f1ef133710d3d3?s=96&d=mm&r=g"},"sameAs":["https:\/\/www.facebook.com\/portail.grenobleurl"]}]}},"amp_enabled":true,"_links":{"self":[{"href":"https:\/\/www.grenobleurl.fr\/annuaire-isere\/wp-json\/wp\/v2\/wpbdp_listing\/16224","targetHints":{"allow":["GET"]}}],"collection":[{"href":"https:\/\/www.grenobleurl.fr\/annuaire-isere\/wp-json\/wp\/v2\/wpbdp_listing"}],"about":[{"href":"https:\/\/www.grenobleurl.fr\/annuaire-isere\/wp-json\/wp\/v2\/types\/wpbdp_listing"}],"author":[{"embeddable":true,"href":"https:\/\/www.grenobleurl.fr\/annuaire-isere\/wp-json\/wp\/v2\/users\/1"}],"replies":[{"embeddable":true,"href":"https:\/\/www.grenobleurl.fr\/annuaire-isere\/wp-json\/wp\/v2\/comments?post=16224"}],"wp:featuredmedia":[{"embeddable":true,"href":"https:\/\/www.grenobleurl.fr\/annuaire-isere\/wp-json\/wp\/v2\/media\/16225"}],"wp:attachment":[{"href":"https:\/\/www.grenobleurl.fr\/annuaire-isere\/wp-json\/wp\/v2\/media?parent=16224"}],"wp:term":[{"taxonomy":"wpbdp_category","embeddable":true,"href":"https:\/\/www.grenobleurl.fr\/annuaire-isere\/wp-json\/wp\/v2\/wpbdp_category?post=16224"},{"taxonomy":"wpbdp_tag","embeddable":true,"href":"https:\/\/www.grenobleurl.fr\/annuaire-isere\/wp-json\/wp\/v2\/wpbdp_tag?post=16224"}],"curies":[{"name":"wp","href":"https:\/\/api.w.org\/{rel}","templated":true}]}}