{"id":1740,"date":"2023-09-28T18:30:29","date_gmt":"2023-09-28T16:30:29","guid":{"rendered":"http:\/\/www.grenobleurl.fr\/annuaire-isere\/annuaire-isere\/1740\/?post_type=wpbdp_listing&#038;p=1740"},"modified":"2023-09-28T18:34:43","modified_gmt":"2023-09-28T16:34:43","slug":"egeera-entente-entre-les-generations-pour-lemploi-et-lentreprise","status":"publish","type":"wpbdp_listing","link":"https:\/\/www.grenobleurl.fr\/annuaire-isere\/annuaire-isere\/1740\/egeera-entente-entre-les-generations-pour-lemploi-et-lentreprise\/","title":{"rendered":"EGEERA &#8211; Entente entre les G\u00e9n\u00e9rations pour l&rsquo;Emploi et l&rsquo;Entreprise"},"content":{"rendered":"<p><strong>EGEERA &#8211; Entente entre les G\u00e9n\u00e9rations pour l&rsquo;Emploi et l&rsquo;Entreprise<\/strong><\/p>\n<p><a href=\"https:\/\/www.grenobleurl.fr\/annuaire-isere\/wp-content\/uploads\/2018\/03\/egee.jpg\"><img loading=\"lazy\" decoding=\"async\" class=\"alignleft size-full wp-image-16711\" src=\"https:\/\/www.grenobleurl.fr\/annuaire-isere\/wp-content\/uploads\/2018\/03\/egee.jpg\" alt=\"\" width=\"292\" height=\"291\" srcset=\"https:\/\/www.grenobleurl.fr\/annuaire-isere\/wp-content\/uploads\/2018\/03\/egee.jpg 292w, https:\/\/www.grenobleurl.fr\/annuaire-isere\/wp-content\/uploads\/2018\/03\/egee-150x149.jpg 150w\" sizes=\"auto, (max-width: 292px) 100vw, 292px\" \/><\/a>Notre association, cr\u00e9\u00e9e en 1982 a su au fil du temps s\u2019adapter pour r\u00e9pondre aux besoins dans les domaines \u00e9conomiques et sociaux.<\/p>\n<p>Ainsi forte de 230 seniors b\u00e9n\u00e9voles, cadres et dirigeants d\u2019entreprise retrait\u00e9s (vos futurs conseillers), EGEE Rh\u00f4ne-Alpes met \u00e0 profit cette transmission d\u2019exp\u00e9rience et les comp\u00e9tences de chacun, pour se rendre utile aupr\u00e8s de tous, toutes g\u00e9n\u00e9rations confondues&#8230;<\/p>\n<p>&nbsp;<\/p>\n","protected":false},"excerpt":{"rendered":"<p>EGEERA &#8211; Entente entre les G\u00e9n\u00e9rations pour l&rsquo;Emploi et l&rsquo;Entreprise Notre association, cr\u00e9\u00e9e en 1982 a su au fil du temps s\u2019adapter pour r\u00e9pondre aux besoins dans les domaines \u00e9conomiques et sociaux. Ainsi forte de 230 seniors b\u00e9n\u00e9voles, cadres et dirigeants d\u2019entreprise retrait\u00e9s (vos futurs conseillers), EGEE Rh\u00f4ne-Alpes met \u00e0 profit cette transmission d\u2019exp\u00e9rience et &hellip; <\/p>\n<p><a class=\"more-link btn\" href=\"https:\/\/www.grenobleurl.fr\/annuaire-isere\/annuaire-isere\/1740\/egeera-entente-entre-les-generations-pour-lemploi-et-lentreprise\/\">Lire la suite<\/a><\/p>\n","protected":false},"author":1,"featured_media":16711,"comment_status":"open","ping_status":"closed","template":"","meta":[],"wpbdp_category":[83],"wpbdp_tag":[],"class_list":["post-1740","wpbdp_listing","type-wpbdp_listing","status-publish","has-post-thumbnail","hentry","wpbdp_category-formation-1-associations","nodate","item-wrap"],"yoast_head":"<!-- This site is optimized with the Yoast SEO plugin v27.3 - https:\/\/yoast.com\/product\/yoast-seo-wordpress\/ -->\n<title>EGEERA - Entente entre les G\u00e9n\u00e9rations pour l&#039;Emploi et l&#039;Entreprise - Annuaire Is\u00e8re<\/title>\n<meta name=\"description\" content=\"Notre association, cr\u00e9\u00e9e en 1982 a su au fil du temps s\u2019adapter pour r\u00e9pondre aux besoins dans les domaines \u00e9conomiques et sociaux.\" \/>\n<meta name=\"robots\" content=\"index, follow, max-snippet:-1, max-image-preview:large, max-video-preview:-1\" \/>\n<link rel=\"canonical\" href=\"https:\/\/www.grenobleurl.fr\/annuaire-isere\/annuaire-isere\/1740\/egeera-entente-entre-les-generations-pour-lemploi-et-lentreprise\/\" \/>\n<meta property=\"og:locale\" content=\"fr_FR\" \/>\n<meta property=\"og:type\" content=\"article\" \/>\n<meta property=\"og:title\" content=\"EGEERA - Entente entre les G\u00e9n\u00e9rations pour l&#039;Emploi et l&#039;Entreprise - Annuaire Is\u00e8re\" \/>\n<meta property=\"og:description\" content=\"Notre association, cr\u00e9\u00e9e en 1982 a su au fil du temps s\u2019adapter pour r\u00e9pondre aux besoins dans les domaines \u00e9conomiques et sociaux.\" \/>\n<meta property=\"og:url\" content=\"https:\/\/www.grenobleurl.fr\/annuaire-isere\/annuaire-isere\/1740\/egeera-entente-entre-les-generations-pour-lemploi-et-lentreprise\/\" \/>\n<meta property=\"og:site_name\" content=\"Annuaire Is\u00e8re\" \/>\n<meta property=\"article:publisher\" content=\"https:\/\/www.facebook.com\/portail.grenobleurl\" \/>\n<meta property=\"article:modified_time\" content=\"2023-09-28T16:34:43+00:00\" \/>\n<meta property=\"og:image\" content=\"https:\/\/www.grenobleurl.fr\/annuaire-isere\/wp-content\/uploads\/2018\/03\/egee.jpg\" \/>\n\t<meta property=\"og:image:width\" content=\"292\" \/>\n\t<meta property=\"og:image:height\" content=\"291\" \/>\n\t<meta property=\"og:image:type\" content=\"image\/jpeg\" \/>\n<meta name=\"twitter:card\" content=\"summary_large_image\" \/>\n<meta name=\"twitter:label1\" content=\"Dur\u00e9e de lecture estim\u00e9e\" \/>\n\t<meta name=\"twitter:data1\" content=\"1 minute\" \/>\n<script type=\"application\/ld+json\" class=\"yoast-schema-graph\">{\"@context\":\"https:\\\/\\\/schema.org\",\"@graph\":[{\"@type\":\"WebPage\",\"@id\":\"https:\\\/\\\/www.grenobleurl.fr\\\/annuaire-isere\\\/annuaire-isere\\\/1740\\\/egeera-entente-entre-les-generations-pour-lemploi-et-lentreprise\\\/\",\"url\":\"https:\\\/\\\/www.grenobleurl.fr\\\/annuaire-isere\\\/annuaire-isere\\\/1740\\\/egeera-entente-entre-les-generations-pour-lemploi-et-lentreprise\\\/\",\"name\":\"EGEERA - Entente entre les G\u00e9n\u00e9rations pour l'Emploi et l'Entreprise - Annuaire Is\u00e8re\",\"isPartOf\":{\"@id\":\"https:\\\/\\\/www.grenobleurl.fr\\\/annuaire-isere\\\/#website\"},\"primaryImageOfPage\":{\"@id\":\"https:\\\/\\\/www.grenobleurl.fr\\\/annuaire-isere\\\/annuaire-isere\\\/1740\\\/egeera-entente-entre-les-generations-pour-lemploi-et-lentreprise\\\/#primaryimage\"},\"image\":{\"@id\":\"https:\\\/\\\/www.grenobleurl.fr\\\/annuaire-isere\\\/annuaire-isere\\\/1740\\\/egeera-entente-entre-les-generations-pour-lemploi-et-lentreprise\\\/#primaryimage\"},\"thumbnailUrl\":\"https:\\\/\\\/www.grenobleurl.fr\\\/annuaire-isere\\\/wp-content\\\/uploads\\\/2018\\\/03\\\/egee.jpg\",\"datePublished\":\"2023-09-28T16:30:29+00:00\",\"dateModified\":\"2023-09-28T16:34:43+00:00\",\"description\":\"Notre association, cr\u00e9\u00e9e en 1982 a su au fil du temps s\u2019adapter pour r\u00e9pondre aux besoins dans les domaines \u00e9conomiques et sociaux.\",\"breadcrumb\":{\"@id\":\"https:\\\/\\\/www.grenobleurl.fr\\\/annuaire-isere\\\/annuaire-isere\\\/1740\\\/egeera-entente-entre-les-generations-pour-lemploi-et-lentreprise\\\/#breadcrumb\"},\"inLanguage\":\"fr-FR\",\"potentialAction\":[{\"@type\":\"ReadAction\",\"target\":[\"https:\\\/\\\/www.grenobleurl.fr\\\/annuaire-isere\\\/annuaire-isere\\\/1740\\\/egeera-entente-entre-les-generations-pour-lemploi-et-lentreprise\\\/\"]}]},{\"@type\":\"ImageObject\",\"inLanguage\":\"fr-FR\",\"@id\":\"https:\\\/\\\/www.grenobleurl.fr\\\/annuaire-isere\\\/annuaire-isere\\\/1740\\\/egeera-entente-entre-les-generations-pour-lemploi-et-lentreprise\\\/#primaryimage\",\"url\":\"https:\\\/\\\/www.grenobleurl.fr\\\/annuaire-isere\\\/wp-content\\\/uploads\\\/2018\\\/03\\\/egee.jpg\",\"contentUrl\":\"https:\\\/\\\/www.grenobleurl.fr\\\/annuaire-isere\\\/wp-content\\\/uploads\\\/2018\\\/03\\\/egee.jpg\",\"width\":292,\"height\":291},{\"@type\":\"BreadcrumbList\",\"@id\":\"https:\\\/\\\/www.grenobleurl.fr\\\/annuaire-isere\\\/annuaire-isere\\\/1740\\\/egeera-entente-entre-les-generations-pour-lemploi-et-lentreprise\\\/#breadcrumb\",\"itemListElement\":[{\"@type\":\"ListItem\",\"position\":1,\"name\":\"Accueil\",\"item\":\"https:\\\/\\\/www.grenobleurl.fr\\\/annuaire-isere\\\/\"},{\"@type\":\"ListItem\",\"position\":2,\"name\":\"EGEERA &#8211; Entente entre les G\u00e9n\u00e9rations pour l&#8217;Emploi et l&#8217;Entreprise\"}]},{\"@type\":\"WebSite\",\"@id\":\"https:\\\/\\\/www.grenobleurl.fr\\\/annuaire-isere\\\/#website\",\"url\":\"https:\\\/\\\/www.grenobleurl.fr\\\/annuaire-isere\\\/\",\"name\":\"Annuaire Is\u00e8re\",\"description\":\"Sites et blogs de l&#039;Is\u00e8re\",\"publisher\":{\"@id\":\"https:\\\/\\\/www.grenobleurl.fr\\\/annuaire-isere\\\/#\\\/schema\\\/person\\\/3f9a50c7a7e0e4bff4c9db1abfbf2227\"},\"potentialAction\":[{\"@type\":\"SearchAction\",\"target\":{\"@type\":\"EntryPoint\",\"urlTemplate\":\"https:\\\/\\\/www.grenobleurl.fr\\\/annuaire-isere\\\/?s={search_term_string}\"},\"query-input\":{\"@type\":\"PropertyValueSpecification\",\"valueRequired\":true,\"valueName\":\"search_term_string\"}}],\"inLanguage\":\"fr-FR\"},{\"@type\":[\"Person\",\"Organization\"],\"@id\":\"https:\\\/\\\/www.grenobleurl.fr\\\/annuaire-isere\\\/#\\\/schema\\\/person\\\/3f9a50c7a7e0e4bff4c9db1abfbf2227\",\"name\":\"administrateur\",\"image\":{\"@type\":\"ImageObject\",\"inLanguage\":\"fr-FR\",\"@id\":\"https:\\\/\\\/secure.gravatar.com\\\/avatar\\\/d0fc7d68e15c7c456cf6f1b9b774d54a7a9e6452d8deac23b3f1ef133710d3d3?s=96&d=mm&r=g\",\"url\":\"https:\\\/\\\/secure.gravatar.com\\\/avatar\\\/d0fc7d68e15c7c456cf6f1b9b774d54a7a9e6452d8deac23b3f1ef133710d3d3?s=96&d=mm&r=g\",\"contentUrl\":\"https:\\\/\\\/secure.gravatar.com\\\/avatar\\\/d0fc7d68e15c7c456cf6f1b9b774d54a7a9e6452d8deac23b3f1ef133710d3d3?s=96&d=mm&r=g\",\"caption\":\"administrateur\"},\"logo\":{\"@id\":\"https:\\\/\\\/secure.gravatar.com\\\/avatar\\\/d0fc7d68e15c7c456cf6f1b9b774d54a7a9e6452d8deac23b3f1ef133710d3d3?s=96&d=mm&r=g\"},\"sameAs\":[\"https:\\\/\\\/www.facebook.com\\\/portail.grenobleurl\"]}]}<\/script>\n<!-- \/ Yoast SEO plugin. -->","yoast_head_json":{"title":"EGEERA - Entente entre les G\u00e9n\u00e9rations pour l'Emploi et l'Entreprise - Annuaire Is\u00e8re","description":"Notre association, cr\u00e9\u00e9e en 1982 a su au fil du temps s\u2019adapter pour r\u00e9pondre aux besoins dans les domaines \u00e9conomiques et sociaux.","robots":{"index":"index","follow":"follow","max-snippet":"max-snippet:-1","max-image-preview":"max-image-preview:large","max-video-preview":"max-video-preview:-1"},"canonical":"https:\/\/www.grenobleurl.fr\/annuaire-isere\/annuaire-isere\/1740\/egeera-entente-entre-les-generations-pour-lemploi-et-lentreprise\/","og_locale":"fr_FR","og_type":"article","og_title":"EGEERA - Entente entre les G\u00e9n\u00e9rations pour l'Emploi et l'Entreprise - Annuaire Is\u00e8re","og_description":"Notre association, cr\u00e9\u00e9e en 1982 a su au fil du temps s\u2019adapter pour r\u00e9pondre aux besoins dans les domaines \u00e9conomiques et sociaux.","og_url":"https:\/\/www.grenobleurl.fr\/annuaire-isere\/annuaire-isere\/1740\/egeera-entente-entre-les-generations-pour-lemploi-et-lentreprise\/","og_site_name":"Annuaire Is\u00e8re","article_publisher":"https:\/\/www.facebook.com\/portail.grenobleurl","article_modified_time":"2023-09-28T16:34:43+00:00","og_image":[{"width":292,"height":291,"url":"https:\/\/www.grenobleurl.fr\/annuaire-isere\/wp-content\/uploads\/2018\/03\/egee.jpg","type":"image\/jpeg"}],"twitter_card":"summary_large_image","twitter_misc":{"Dur\u00e9e de lecture estim\u00e9e":"1 minute"},"schema":{"@context":"https:\/\/schema.org","@graph":[{"@type":"WebPage","@id":"https:\/\/www.grenobleurl.fr\/annuaire-isere\/annuaire-isere\/1740\/egeera-entente-entre-les-generations-pour-lemploi-et-lentreprise\/","url":"https:\/\/www.grenobleurl.fr\/annuaire-isere\/annuaire-isere\/1740\/egeera-entente-entre-les-generations-pour-lemploi-et-lentreprise\/","name":"EGEERA - Entente entre les G\u00e9n\u00e9rations pour l'Emploi et l'Entreprise - Annuaire Is\u00e8re","isPartOf":{"@id":"https:\/\/www.grenobleurl.fr\/annuaire-isere\/#website"},"primaryImageOfPage":{"@id":"https:\/\/www.grenobleurl.fr\/annuaire-isere\/annuaire-isere\/1740\/egeera-entente-entre-les-generations-pour-lemploi-et-lentreprise\/#primaryimage"},"image":{"@id":"https:\/\/www.grenobleurl.fr\/annuaire-isere\/annuaire-isere\/1740\/egeera-entente-entre-les-generations-pour-lemploi-et-lentreprise\/#primaryimage"},"thumbnailUrl":"https:\/\/www.grenobleurl.fr\/annuaire-isere\/wp-content\/uploads\/2018\/03\/egee.jpg","datePublished":"2023-09-28T16:30:29+00:00","dateModified":"2023-09-28T16:34:43+00:00","description":"Notre association, cr\u00e9\u00e9e en 1982 a su au fil du temps s\u2019adapter pour r\u00e9pondre aux besoins dans les domaines \u00e9conomiques et sociaux.","breadcrumb":{"@id":"https:\/\/www.grenobleurl.fr\/annuaire-isere\/annuaire-isere\/1740\/egeera-entente-entre-les-generations-pour-lemploi-et-lentreprise\/#breadcrumb"},"inLanguage":"fr-FR","potentialAction":[{"@type":"ReadAction","target":["https:\/\/www.grenobleurl.fr\/annuaire-isere\/annuaire-isere\/1740\/egeera-entente-entre-les-generations-pour-lemploi-et-lentreprise\/"]}]},{"@type":"ImageObject","inLanguage":"fr-FR","@id":"https:\/\/www.grenobleurl.fr\/annuaire-isere\/annuaire-isere\/1740\/egeera-entente-entre-les-generations-pour-lemploi-et-lentreprise\/#primaryimage","url":"https:\/\/www.grenobleurl.fr\/annuaire-isere\/wp-content\/uploads\/2018\/03\/egee.jpg","contentUrl":"https:\/\/www.grenobleurl.fr\/annuaire-isere\/wp-content\/uploads\/2018\/03\/egee.jpg","width":292,"height":291},{"@type":"BreadcrumbList","@id":"https:\/\/www.grenobleurl.fr\/annuaire-isere\/annuaire-isere\/1740\/egeera-entente-entre-les-generations-pour-lemploi-et-lentreprise\/#breadcrumb","itemListElement":[{"@type":"ListItem","position":1,"name":"Accueil","item":"https:\/\/www.grenobleurl.fr\/annuaire-isere\/"},{"@type":"ListItem","position":2,"name":"EGEERA &#8211; Entente entre les G\u00e9n\u00e9rations pour l&#8217;Emploi et l&#8217;Entreprise"}]},{"@type":"WebSite","@id":"https:\/\/www.grenobleurl.fr\/annuaire-isere\/#website","url":"https:\/\/www.grenobleurl.fr\/annuaire-isere\/","name":"Annuaire Is\u00e8re","description":"Sites et blogs de l&#039;Is\u00e8re","publisher":{"@id":"https:\/\/www.grenobleurl.fr\/annuaire-isere\/#\/schema\/person\/3f9a50c7a7e0e4bff4c9db1abfbf2227"},"potentialAction":[{"@type":"SearchAction","target":{"@type":"EntryPoint","urlTemplate":"https:\/\/www.grenobleurl.fr\/annuaire-isere\/?s={search_term_string}"},"query-input":{"@type":"PropertyValueSpecification","valueRequired":true,"valueName":"search_term_string"}}],"inLanguage":"fr-FR"},{"@type":["Person","Organization"],"@id":"https:\/\/www.grenobleurl.fr\/annuaire-isere\/#\/schema\/person\/3f9a50c7a7e0e4bff4c9db1abfbf2227","name":"administrateur","image":{"@type":"ImageObject","inLanguage":"fr-FR","@id":"https:\/\/secure.gravatar.com\/avatar\/d0fc7d68e15c7c456cf6f1b9b774d54a7a9e6452d8deac23b3f1ef133710d3d3?s=96&d=mm&r=g","url":"https:\/\/secure.gravatar.com\/avatar\/d0fc7d68e15c7c456cf6f1b9b774d54a7a9e6452d8deac23b3f1ef133710d3d3?s=96&d=mm&r=g","contentUrl":"https:\/\/secure.gravatar.com\/avatar\/d0fc7d68e15c7c456cf6f1b9b774d54a7a9e6452d8deac23b3f1ef133710d3d3?s=96&d=mm&r=g","caption":"administrateur"},"logo":{"@id":"https:\/\/secure.gravatar.com\/avatar\/d0fc7d68e15c7c456cf6f1b9b774d54a7a9e6452d8deac23b3f1ef133710d3d3?s=96&d=mm&r=g"},"sameAs":["https:\/\/www.facebook.com\/portail.grenobleurl"]}]}},"amp_enabled":true,"_links":{"self":[{"href":"https:\/\/www.grenobleurl.fr\/annuaire-isere\/wp-json\/wp\/v2\/wpbdp_listing\/1740","targetHints":{"allow":["GET"]}}],"collection":[{"href":"https:\/\/www.grenobleurl.fr\/annuaire-isere\/wp-json\/wp\/v2\/wpbdp_listing"}],"about":[{"href":"https:\/\/www.grenobleurl.fr\/annuaire-isere\/wp-json\/wp\/v2\/types\/wpbdp_listing"}],"author":[{"embeddable":true,"href":"https:\/\/www.grenobleurl.fr\/annuaire-isere\/wp-json\/wp\/v2\/users\/1"}],"replies":[{"embeddable":true,"href":"https:\/\/www.grenobleurl.fr\/annuaire-isere\/wp-json\/wp\/v2\/comments?post=1740"}],"wp:featuredmedia":[{"embeddable":true,"href":"https:\/\/www.grenobleurl.fr\/annuaire-isere\/wp-json\/wp\/v2\/media\/16711"}],"wp:attachment":[{"href":"https:\/\/www.grenobleurl.fr\/annuaire-isere\/wp-json\/wp\/v2\/media?parent=1740"}],"wp:term":[{"taxonomy":"wpbdp_category","embeddable":true,"href":"https:\/\/www.grenobleurl.fr\/annuaire-isere\/wp-json\/wp\/v2\/wpbdp_category?post=1740"},{"taxonomy":"wpbdp_tag","embeddable":true,"href":"https:\/\/www.grenobleurl.fr\/annuaire-isere\/wp-json\/wp\/v2\/wpbdp_tag?post=1740"}],"curies":[{"name":"wp","href":"https:\/\/api.w.org\/{rel}","templated":true}]}}