{"id":2676,"date":"2020-02-05T09:18:37","date_gmt":"2020-02-05T08:18:37","guid":{"rendered":"https:\/\/www.grenobleurl.fr\/sport\/annuaire-du-sport-en-isere\/2676\/\/"},"modified":"2021-12-21T20:11:16","modified_gmt":"2021-12-21T19:11:16","slug":"as-fontaine-karate","status":"publish","type":"wpbdp_listing","link":"https:\/\/www.grenobleurl.fr\/sport\/annuaire-du-sport-en-isere\/2676\/as-fontaine-karate\/","title":{"rendered":"AS Fontaine Karat\u00e9"},"content":{"rendered":"<p><span style=\"font-size: medium;\">L\u2019association sportive de Fontaine karat\u00e9 a \u00e9t\u00e9 cr\u00e9\u00e9e en septembre 1999 par Emmanuel Lancia, Gilles Chambrietto et Samuel claudel. Le club s\u2019est affili\u00e9 au style Shito Ryu.<\/span><\/p>\n<p>Amed Ben Mabrouck, Marc Antoine Marcellin et Julien Galiano les ont rejoint dans l\u2019ann\u00e9e de la cr\u00e9ation. L\u2019encadrement technique a ainsi pu d\u00e9velopper un projet p\u00e9dagogique ax\u00e9 sur le combat en comp\u00e9tition tout en gardant les valeurs de l\u2019art martial et une politique bas\u00e9e sur le b\u00e9n\u00e9volat&#8230;<\/p>\n<p>(image et extrait du site&#8230; lire la suite)<\/p>\n","protected":false},"excerpt":{"rendered":"<p>L\u2019association sportive de Fontaine karat\u00e9 a \u00e9t\u00e9 cr\u00e9\u00e9e en septembre 1999 par Emmanuel Lancia, Gilles Chambrietto et Samuel claudel. Le club s\u2019est affili\u00e9 au style Shito Ryu. Amed Ben Mabrouck, Marc Antoine Marcellin et Julien Galiano les ont rejoint dans l\u2019ann\u00e9e de la cr\u00e9ation. L\u2019encadrement technique a ainsi pu d\u00e9velopper un projet p\u00e9dagogique ax\u00e9 sur &hellip; <\/p>\n<p><a class=\"more-link btn\" href=\"https:\/\/www.grenobleurl.fr\/sport\/annuaire-du-sport-en-isere\/2676\/as-fontaine-karate\/\">Lire la suite<\/a><\/p>\n","protected":false},"author":1,"featured_media":2677,"comment_status":"open","ping_status":"closed","template":"","meta":[],"wpbdp_category":[85],"wpbdp_tag":[],"class_list":["post-2676","wpbdp_listing","type-wpbdp_listing","status-publish","has-post-thumbnail","hentry","wpbdp_category-karate","nodate","item-wrap"],"yoast_head":"<!-- This site is optimized with the Yoast SEO plugin v27.3 - https:\/\/yoast.com\/product\/yoast-seo-wordpress\/ -->\n<title>AS Fontaine Karat\u00e9 - Is\u00e8re-sport<\/title>\n<meta name=\"description\" content=\"L\u2019association sportive de Fontaine karat\u00e9 a \u00e9t\u00e9 cr\u00e9\u00e9e en septembre 1999 par Emmanuel Lancia, Gilles Chambrietto et Samuel claudel. Le club s\u2019est affili\u00e9 au style Shito Ryu.\" \/>\n<meta name=\"robots\" content=\"index, follow, max-snippet:-1, max-image-preview:large, max-video-preview:-1\" \/>\n<link rel=\"canonical\" href=\"https:\/\/www.grenobleurl.fr\/sport\/annuaire-du-sport-en-isere\/2676\/as-fontaine-karate\/\" \/>\n<meta property=\"og:locale\" content=\"fr_FR\" \/>\n<meta property=\"og:type\" content=\"article\" \/>\n<meta property=\"og:title\" content=\"AS Fontaine Karat\u00e9 - Is\u00e8re-sport\" \/>\n<meta property=\"og:description\" content=\"L\u2019association sportive de Fontaine karat\u00e9 a \u00e9t\u00e9 cr\u00e9\u00e9e en septembre 1999 par Emmanuel Lancia, Gilles Chambrietto et Samuel claudel. Le club s\u2019est affili\u00e9 au style Shito Ryu.\" \/>\n<meta property=\"og:url\" content=\"https:\/\/www.grenobleurl.fr\/sport\/annuaire-du-sport-en-isere\/2676\/as-fontaine-karate\/\" \/>\n<meta property=\"og:site_name\" content=\"Is\u00e8re-sport\" \/>\n<meta property=\"article:publisher\" content=\"https:\/\/www.facebook.com\/portail.grenobleurl\" \/>\n<meta property=\"article:modified_time\" content=\"2021-12-21T19:11:16+00:00\" \/>\n<meta property=\"og:image\" content=\"https:\/\/www.grenobleurl.fr\/sport\/wp-content\/uploads\/2020\/02\/asfontainekarate.jpg\" \/>\n\t<meta property=\"og:image:width\" content=\"197\" \/>\n\t<meta property=\"og:image:height\" content=\"197\" \/>\n\t<meta property=\"og:image:type\" content=\"image\/jpeg\" \/>\n<meta name=\"twitter:card\" content=\"summary_large_image\" \/>\n<script type=\"application\/ld+json\" class=\"yoast-schema-graph\">{\"@context\":\"https:\\\/\\\/schema.org\",\"@graph\":[{\"@type\":\"WebPage\",\"@id\":\"https:\\\/\\\/www.grenobleurl.fr\\\/sport\\\/annuaire-du-sport-en-isere\\\/2676\\\/as-fontaine-karate\\\/\",\"url\":\"https:\\\/\\\/www.grenobleurl.fr\\\/sport\\\/annuaire-du-sport-en-isere\\\/2676\\\/as-fontaine-karate\\\/\",\"name\":\"AS Fontaine Karat\u00e9 - Is\u00e8re-sport\",\"isPartOf\":{\"@id\":\"https:\\\/\\\/www.grenobleurl.fr\\\/sport\\\/#website\"},\"primaryImageOfPage\":{\"@id\":\"https:\\\/\\\/www.grenobleurl.fr\\\/sport\\\/annuaire-du-sport-en-isere\\\/2676\\\/as-fontaine-karate\\\/#primaryimage\"},\"image\":{\"@id\":\"https:\\\/\\\/www.grenobleurl.fr\\\/sport\\\/annuaire-du-sport-en-isere\\\/2676\\\/as-fontaine-karate\\\/#primaryimage\"},\"thumbnailUrl\":\"https:\\\/\\\/www.grenobleurl.fr\\\/sport\\\/wp-content\\\/uploads\\\/2020\\\/02\\\/asfontainekarate.jpg\",\"datePublished\":\"2020-02-05T08:18:37+00:00\",\"dateModified\":\"2021-12-21T19:11:16+00:00\",\"description\":\"L\u2019association sportive de Fontaine karat\u00e9 a \u00e9t\u00e9 cr\u00e9\u00e9e en septembre 1999 par Emmanuel Lancia, Gilles Chambrietto et Samuel claudel. Le club s\u2019est affili\u00e9 au style Shito Ryu.\",\"breadcrumb\":{\"@id\":\"https:\\\/\\\/www.grenobleurl.fr\\\/sport\\\/annuaire-du-sport-en-isere\\\/2676\\\/as-fontaine-karate\\\/#breadcrumb\"},\"inLanguage\":\"fr-FR\",\"potentialAction\":[{\"@type\":\"ReadAction\",\"target\":[\"https:\\\/\\\/www.grenobleurl.fr\\\/sport\\\/annuaire-du-sport-en-isere\\\/2676\\\/as-fontaine-karate\\\/\"]}]},{\"@type\":\"ImageObject\",\"inLanguage\":\"fr-FR\",\"@id\":\"https:\\\/\\\/www.grenobleurl.fr\\\/sport\\\/annuaire-du-sport-en-isere\\\/2676\\\/as-fontaine-karate\\\/#primaryimage\",\"url\":\"https:\\\/\\\/www.grenobleurl.fr\\\/sport\\\/wp-content\\\/uploads\\\/2020\\\/02\\\/asfontainekarate.jpg\",\"contentUrl\":\"https:\\\/\\\/www.grenobleurl.fr\\\/sport\\\/wp-content\\\/uploads\\\/2020\\\/02\\\/asfontainekarate.jpg\",\"width\":197,\"height\":197},{\"@type\":\"BreadcrumbList\",\"@id\":\"https:\\\/\\\/www.grenobleurl.fr\\\/sport\\\/annuaire-du-sport-en-isere\\\/2676\\\/as-fontaine-karate\\\/#breadcrumb\",\"itemListElement\":[{\"@type\":\"ListItem\",\"position\":1,\"name\":\"Accueil\",\"item\":\"https:\\\/\\\/www.grenobleurl.fr\\\/sport\\\/\"},{\"@type\":\"ListItem\",\"position\":2,\"name\":\"AS Fontaine Karat\u00e9\"}]},{\"@type\":\"WebSite\",\"@id\":\"https:\\\/\\\/www.grenobleurl.fr\\\/sport\\\/#website\",\"url\":\"https:\\\/\\\/www.grenobleurl.fr\\\/sport\\\/\",\"name\":\"Is\u00e8re-sport\",\"description\":\"annuaire du sport en Is\u00e8re\",\"publisher\":{\"@id\":\"https:\\\/\\\/www.grenobleurl.fr\\\/sport\\\/#\\\/schema\\\/person\\\/7e8a239b8ffd9a25c4a5b9ab38d5add9\"},\"potentialAction\":[{\"@type\":\"SearchAction\",\"target\":{\"@type\":\"EntryPoint\",\"urlTemplate\":\"https:\\\/\\\/www.grenobleurl.fr\\\/sport\\\/?s={search_term_string}\"},\"query-input\":{\"@type\":\"PropertyValueSpecification\",\"valueRequired\":true,\"valueName\":\"search_term_string\"}}],\"inLanguage\":\"fr-FR\"},{\"@type\":[\"Person\",\"Organization\"],\"@id\":\"https:\\\/\\\/www.grenobleurl.fr\\\/sport\\\/#\\\/schema\\\/person\\\/7e8a239b8ffd9a25c4a5b9ab38d5add9\",\"name\":\"administrateur\",\"image\":{\"@type\":\"ImageObject\",\"inLanguage\":\"fr-FR\",\"@id\":\"https:\\\/\\\/secure.gravatar.com\\\/avatar\\\/d0fc7d68e15c7c456cf6f1b9b774d54a7a9e6452d8deac23b3f1ef133710d3d3?s=96&d=mm&r=g\",\"url\":\"https:\\\/\\\/secure.gravatar.com\\\/avatar\\\/d0fc7d68e15c7c456cf6f1b9b774d54a7a9e6452d8deac23b3f1ef133710d3d3?s=96&d=mm&r=g\",\"contentUrl\":\"https:\\\/\\\/secure.gravatar.com\\\/avatar\\\/d0fc7d68e15c7c456cf6f1b9b774d54a7a9e6452d8deac23b3f1ef133710d3d3?s=96&d=mm&r=g\",\"caption\":\"administrateur\"},\"logo\":{\"@id\":\"https:\\\/\\\/secure.gravatar.com\\\/avatar\\\/d0fc7d68e15c7c456cf6f1b9b774d54a7a9e6452d8deac23b3f1ef133710d3d3?s=96&d=mm&r=g\"},\"sameAs\":[\"https:\\\/\\\/www.facebook.com\\\/portail.grenobleurl\"]}]}<\/script>\n<!-- \/ Yoast SEO plugin. -->","yoast_head_json":{"title":"AS Fontaine Karat\u00e9 - Is\u00e8re-sport","description":"L\u2019association sportive de Fontaine karat\u00e9 a \u00e9t\u00e9 cr\u00e9\u00e9e en septembre 1999 par Emmanuel Lancia, Gilles Chambrietto et Samuel claudel. Le club s\u2019est affili\u00e9 au style Shito Ryu.","robots":{"index":"index","follow":"follow","max-snippet":"max-snippet:-1","max-image-preview":"max-image-preview:large","max-video-preview":"max-video-preview:-1"},"canonical":"https:\/\/www.grenobleurl.fr\/sport\/annuaire-du-sport-en-isere\/2676\/as-fontaine-karate\/","og_locale":"fr_FR","og_type":"article","og_title":"AS Fontaine Karat\u00e9 - Is\u00e8re-sport","og_description":"L\u2019association sportive de Fontaine karat\u00e9 a \u00e9t\u00e9 cr\u00e9\u00e9e en septembre 1999 par Emmanuel Lancia, Gilles Chambrietto et Samuel claudel. Le club s\u2019est affili\u00e9 au style Shito Ryu.","og_url":"https:\/\/www.grenobleurl.fr\/sport\/annuaire-du-sport-en-isere\/2676\/as-fontaine-karate\/","og_site_name":"Is\u00e8re-sport","article_publisher":"https:\/\/www.facebook.com\/portail.grenobleurl","article_modified_time":"2021-12-21T19:11:16+00:00","og_image":[{"width":197,"height":197,"url":"https:\/\/www.grenobleurl.fr\/sport\/wp-content\/uploads\/2020\/02\/asfontainekarate.jpg","type":"image\/jpeg"}],"twitter_card":"summary_large_image","schema":{"@context":"https:\/\/schema.org","@graph":[{"@type":"WebPage","@id":"https:\/\/www.grenobleurl.fr\/sport\/annuaire-du-sport-en-isere\/2676\/as-fontaine-karate\/","url":"https:\/\/www.grenobleurl.fr\/sport\/annuaire-du-sport-en-isere\/2676\/as-fontaine-karate\/","name":"AS Fontaine Karat\u00e9 - Is\u00e8re-sport","isPartOf":{"@id":"https:\/\/www.grenobleurl.fr\/sport\/#website"},"primaryImageOfPage":{"@id":"https:\/\/www.grenobleurl.fr\/sport\/annuaire-du-sport-en-isere\/2676\/as-fontaine-karate\/#primaryimage"},"image":{"@id":"https:\/\/www.grenobleurl.fr\/sport\/annuaire-du-sport-en-isere\/2676\/as-fontaine-karate\/#primaryimage"},"thumbnailUrl":"https:\/\/www.grenobleurl.fr\/sport\/wp-content\/uploads\/2020\/02\/asfontainekarate.jpg","datePublished":"2020-02-05T08:18:37+00:00","dateModified":"2021-12-21T19:11:16+00:00","description":"L\u2019association sportive de Fontaine karat\u00e9 a \u00e9t\u00e9 cr\u00e9\u00e9e en septembre 1999 par Emmanuel Lancia, Gilles Chambrietto et Samuel claudel. Le club s\u2019est affili\u00e9 au style Shito Ryu.","breadcrumb":{"@id":"https:\/\/www.grenobleurl.fr\/sport\/annuaire-du-sport-en-isere\/2676\/as-fontaine-karate\/#breadcrumb"},"inLanguage":"fr-FR","potentialAction":[{"@type":"ReadAction","target":["https:\/\/www.grenobleurl.fr\/sport\/annuaire-du-sport-en-isere\/2676\/as-fontaine-karate\/"]}]},{"@type":"ImageObject","inLanguage":"fr-FR","@id":"https:\/\/www.grenobleurl.fr\/sport\/annuaire-du-sport-en-isere\/2676\/as-fontaine-karate\/#primaryimage","url":"https:\/\/www.grenobleurl.fr\/sport\/wp-content\/uploads\/2020\/02\/asfontainekarate.jpg","contentUrl":"https:\/\/www.grenobleurl.fr\/sport\/wp-content\/uploads\/2020\/02\/asfontainekarate.jpg","width":197,"height":197},{"@type":"BreadcrumbList","@id":"https:\/\/www.grenobleurl.fr\/sport\/annuaire-du-sport-en-isere\/2676\/as-fontaine-karate\/#breadcrumb","itemListElement":[{"@type":"ListItem","position":1,"name":"Accueil","item":"https:\/\/www.grenobleurl.fr\/sport\/"},{"@type":"ListItem","position":2,"name":"AS Fontaine Karat\u00e9"}]},{"@type":"WebSite","@id":"https:\/\/www.grenobleurl.fr\/sport\/#website","url":"https:\/\/www.grenobleurl.fr\/sport\/","name":"Is\u00e8re-sport","description":"annuaire du sport en Is\u00e8re","publisher":{"@id":"https:\/\/www.grenobleurl.fr\/sport\/#\/schema\/person\/7e8a239b8ffd9a25c4a5b9ab38d5add9"},"potentialAction":[{"@type":"SearchAction","target":{"@type":"EntryPoint","urlTemplate":"https:\/\/www.grenobleurl.fr\/sport\/?s={search_term_string}"},"query-input":{"@type":"PropertyValueSpecification","valueRequired":true,"valueName":"search_term_string"}}],"inLanguage":"fr-FR"},{"@type":["Person","Organization"],"@id":"https:\/\/www.grenobleurl.fr\/sport\/#\/schema\/person\/7e8a239b8ffd9a25c4a5b9ab38d5add9","name":"administrateur","image":{"@type":"ImageObject","inLanguage":"fr-FR","@id":"https:\/\/secure.gravatar.com\/avatar\/d0fc7d68e15c7c456cf6f1b9b774d54a7a9e6452d8deac23b3f1ef133710d3d3?s=96&d=mm&r=g","url":"https:\/\/secure.gravatar.com\/avatar\/d0fc7d68e15c7c456cf6f1b9b774d54a7a9e6452d8deac23b3f1ef133710d3d3?s=96&d=mm&r=g","contentUrl":"https:\/\/secure.gravatar.com\/avatar\/d0fc7d68e15c7c456cf6f1b9b774d54a7a9e6452d8deac23b3f1ef133710d3d3?s=96&d=mm&r=g","caption":"administrateur"},"logo":{"@id":"https:\/\/secure.gravatar.com\/avatar\/d0fc7d68e15c7c456cf6f1b9b774d54a7a9e6452d8deac23b3f1ef133710d3d3?s=96&d=mm&r=g"},"sameAs":["https:\/\/www.facebook.com\/portail.grenobleurl"]}]}},"_links":{"self":[{"href":"https:\/\/www.grenobleurl.fr\/sport\/wp-json\/wp\/v2\/wpbdp_listing\/2676","targetHints":{"allow":["GET"]}}],"collection":[{"href":"https:\/\/www.grenobleurl.fr\/sport\/wp-json\/wp\/v2\/wpbdp_listing"}],"about":[{"href":"https:\/\/www.grenobleurl.fr\/sport\/wp-json\/wp\/v2\/types\/wpbdp_listing"}],"author":[{"embeddable":true,"href":"https:\/\/www.grenobleurl.fr\/sport\/wp-json\/wp\/v2\/users\/1"}],"replies":[{"embeddable":true,"href":"https:\/\/www.grenobleurl.fr\/sport\/wp-json\/wp\/v2\/comments?post=2676"}],"wp:featuredmedia":[{"embeddable":true,"href":"https:\/\/www.grenobleurl.fr\/sport\/wp-json\/wp\/v2\/media\/2677"}],"wp:attachment":[{"href":"https:\/\/www.grenobleurl.fr\/sport\/wp-json\/wp\/v2\/media?parent=2676"}],"wp:term":[{"taxonomy":"wpbdp_category","embeddable":true,"href":"https:\/\/www.grenobleurl.fr\/sport\/wp-json\/wp\/v2\/wpbdp_category?post=2676"},{"taxonomy":"wpbdp_tag","embeddable":true,"href":"https:\/\/www.grenobleurl.fr\/sport\/wp-json\/wp\/v2\/wpbdp_tag?post=2676"}],"curies":[{"name":"wp","href":"https:\/\/api.w.org\/{rel}","templated":true}]}}