{"id":359,"date":"2017-09-19T18:48:47","date_gmt":"2017-09-19T16:48:47","guid":{"rendered":"http:\/\/www.grenobleurl.fr\/sport\/annuaire-professionnel\/359\/?post_type=wpbdp_listing&#038;p=359"},"modified":"2017-11-02T21:31:19","modified_gmt":"2017-11-02T20:31:19","slug":"ff-de-cyclisme","status":"publish","type":"wpbdp_listing","link":"https:\/\/www.grenobleurl.fr\/sport\/annuaire-du-sport-en-isere\/359\/ff-de-cyclisme\/","title":{"rendered":"FF de Cyclisme"},"content":{"rendered":"<p>\u00ab\u00a0<strong>Le projet Roulons tous ensemble<\/strong> est celui d\u2019une \u00e9quipe passionn\u00e9e, solidaire et unie, qui allie exp\u00e9rience, renouveau et diversit\u00e9 des disciplines.<\/p>\n<p>Ensemble, nous avons la volont\u00e9 profonde de moderniser notre organisation f\u00e9d\u00e9rale.<\/p>\n","protected":false},"excerpt":{"rendered":"<p>\u00ab\u00a0Le projet Roulons tous ensemble est celui d\u2019une \u00e9quipe passionn\u00e9e, solidaire et unie, qui allie exp\u00e9rience, renouveau et diversit\u00e9 des disciplines. Ensemble, nous avons la volont\u00e9 profonde de moderniser notre organisation f\u00e9d\u00e9rale.<\/p>\n","protected":false},"author":1,"featured_media":0,"comment_status":"open","ping_status":"closed","template":"","meta":[],"wpbdp_category":[56,15,81],"wpbdp_tag":[],"class_list":["post-359","wpbdp_listing","type-wpbdp_listing","status-publish","hentry","wpbdp_category-cyclisme","wpbdp_category-federations-institutions","wpbdp_category-nationales","nodate","item-wrap"],"yoast_head":"<!-- This site is optimized with the Yoast SEO plugin v27.3 - https:\/\/yoast.com\/product\/yoast-seo-wordpress\/ -->\n<title>FF de Cyclisme - Is\u00e8re-sport<\/title>\n<meta name=\"robots\" content=\"index, follow, max-snippet:-1, max-image-preview:large, max-video-preview:-1\" \/>\n<link rel=\"canonical\" href=\"https:\/\/www.grenobleurl.fr\/sport\/annuaire-du-sport-en-isere\/359\/ff-de-cyclisme\/\" \/>\n<meta property=\"og:locale\" content=\"fr_FR\" \/>\n<meta property=\"og:type\" content=\"article\" \/>\n<meta property=\"og:title\" content=\"FF de Cyclisme - Is\u00e8re-sport\" \/>\n<meta property=\"og:description\" content=\"\u00ab\u00a0Le projet Roulons tous ensemble est celui d\u2019une \u00e9quipe passionn\u00e9e, solidaire et unie, qui allie exp\u00e9rience, renouveau et diversit\u00e9 des disciplines. Ensemble, nous avons la volont\u00e9 profonde de moderniser notre organisation f\u00e9d\u00e9rale.\" \/>\n<meta property=\"og:url\" content=\"https:\/\/www.grenobleurl.fr\/sport\/annuaire-du-sport-en-isere\/359\/ff-de-cyclisme\/\" \/>\n<meta property=\"og:site_name\" content=\"Is\u00e8re-sport\" \/>\n<meta property=\"article:publisher\" content=\"https:\/\/www.facebook.com\/portail.grenobleurl\" \/>\n<meta property=\"article:modified_time\" content=\"2017-11-02T20:31:19+00:00\" \/>\n<meta name=\"twitter:card\" content=\"summary_large_image\" \/>\n<script type=\"application\/ld+json\" class=\"yoast-schema-graph\">{\"@context\":\"https:\\\/\\\/schema.org\",\"@graph\":[{\"@type\":\"WebPage\",\"@id\":\"https:\\\/\\\/www.grenobleurl.fr\\\/sport\\\/annuaire-du-sport-en-isere\\\/359\\\/ff-de-cyclisme\\\/\",\"url\":\"https:\\\/\\\/www.grenobleurl.fr\\\/sport\\\/annuaire-du-sport-en-isere\\\/359\\\/ff-de-cyclisme\\\/\",\"name\":\"FF de Cyclisme - Is\u00e8re-sport\",\"isPartOf\":{\"@id\":\"https:\\\/\\\/www.grenobleurl.fr\\\/sport\\\/#website\"},\"datePublished\":\"2017-09-19T16:48:47+00:00\",\"dateModified\":\"2017-11-02T20:31:19+00:00\",\"breadcrumb\":{\"@id\":\"https:\\\/\\\/www.grenobleurl.fr\\\/sport\\\/annuaire-du-sport-en-isere\\\/359\\\/ff-de-cyclisme\\\/#breadcrumb\"},\"inLanguage\":\"fr-FR\",\"potentialAction\":[{\"@type\":\"ReadAction\",\"target\":[\"https:\\\/\\\/www.grenobleurl.fr\\\/sport\\\/annuaire-du-sport-en-isere\\\/359\\\/ff-de-cyclisme\\\/\"]}]},{\"@type\":\"BreadcrumbList\",\"@id\":\"https:\\\/\\\/www.grenobleurl.fr\\\/sport\\\/annuaire-du-sport-en-isere\\\/359\\\/ff-de-cyclisme\\\/#breadcrumb\",\"itemListElement\":[{\"@type\":\"ListItem\",\"position\":1,\"name\":\"Accueil\",\"item\":\"https:\\\/\\\/www.grenobleurl.fr\\\/sport\\\/\"},{\"@type\":\"ListItem\",\"position\":2,\"name\":\"FF de Cyclisme\"}]},{\"@type\":\"WebSite\",\"@id\":\"https:\\\/\\\/www.grenobleurl.fr\\\/sport\\\/#website\",\"url\":\"https:\\\/\\\/www.grenobleurl.fr\\\/sport\\\/\",\"name\":\"Is\u00e8re-sport\",\"description\":\"annuaire du sport en Is\u00e8re\",\"publisher\":{\"@id\":\"https:\\\/\\\/www.grenobleurl.fr\\\/sport\\\/#\\\/schema\\\/person\\\/7e8a239b8ffd9a25c4a5b9ab38d5add9\"},\"potentialAction\":[{\"@type\":\"SearchAction\",\"target\":{\"@type\":\"EntryPoint\",\"urlTemplate\":\"https:\\\/\\\/www.grenobleurl.fr\\\/sport\\\/?s={search_term_string}\"},\"query-input\":{\"@type\":\"PropertyValueSpecification\",\"valueRequired\":true,\"valueName\":\"search_term_string\"}}],\"inLanguage\":\"fr-FR\"},{\"@type\":[\"Person\",\"Organization\"],\"@id\":\"https:\\\/\\\/www.grenobleurl.fr\\\/sport\\\/#\\\/schema\\\/person\\\/7e8a239b8ffd9a25c4a5b9ab38d5add9\",\"name\":\"administrateur\",\"image\":{\"@type\":\"ImageObject\",\"inLanguage\":\"fr-FR\",\"@id\":\"https:\\\/\\\/secure.gravatar.com\\\/avatar\\\/d0fc7d68e15c7c456cf6f1b9b774d54a7a9e6452d8deac23b3f1ef133710d3d3?s=96&d=mm&r=g\",\"url\":\"https:\\\/\\\/secure.gravatar.com\\\/avatar\\\/d0fc7d68e15c7c456cf6f1b9b774d54a7a9e6452d8deac23b3f1ef133710d3d3?s=96&d=mm&r=g\",\"contentUrl\":\"https:\\\/\\\/secure.gravatar.com\\\/avatar\\\/d0fc7d68e15c7c456cf6f1b9b774d54a7a9e6452d8deac23b3f1ef133710d3d3?s=96&d=mm&r=g\",\"caption\":\"administrateur\"},\"logo\":{\"@id\":\"https:\\\/\\\/secure.gravatar.com\\\/avatar\\\/d0fc7d68e15c7c456cf6f1b9b774d54a7a9e6452d8deac23b3f1ef133710d3d3?s=96&d=mm&r=g\"},\"sameAs\":[\"https:\\\/\\\/www.facebook.com\\\/portail.grenobleurl\"]}]}<\/script>\n<!-- \/ Yoast SEO plugin. -->","yoast_head_json":{"title":"FF de Cyclisme - Is\u00e8re-sport","robots":{"index":"index","follow":"follow","max-snippet":"max-snippet:-1","max-image-preview":"max-image-preview:large","max-video-preview":"max-video-preview:-1"},"canonical":"https:\/\/www.grenobleurl.fr\/sport\/annuaire-du-sport-en-isere\/359\/ff-de-cyclisme\/","og_locale":"fr_FR","og_type":"article","og_title":"FF de Cyclisme - Is\u00e8re-sport","og_description":"\u00ab\u00a0Le projet Roulons tous ensemble est celui d\u2019une \u00e9quipe passionn\u00e9e, solidaire et unie, qui allie exp\u00e9rience, renouveau et diversit\u00e9 des disciplines. Ensemble, nous avons la volont\u00e9 profonde de moderniser notre organisation f\u00e9d\u00e9rale.","og_url":"https:\/\/www.grenobleurl.fr\/sport\/annuaire-du-sport-en-isere\/359\/ff-de-cyclisme\/","og_site_name":"Is\u00e8re-sport","article_publisher":"https:\/\/www.facebook.com\/portail.grenobleurl","article_modified_time":"2017-11-02T20:31:19+00:00","twitter_card":"summary_large_image","schema":{"@context":"https:\/\/schema.org","@graph":[{"@type":"WebPage","@id":"https:\/\/www.grenobleurl.fr\/sport\/annuaire-du-sport-en-isere\/359\/ff-de-cyclisme\/","url":"https:\/\/www.grenobleurl.fr\/sport\/annuaire-du-sport-en-isere\/359\/ff-de-cyclisme\/","name":"FF de Cyclisme - Is\u00e8re-sport","isPartOf":{"@id":"https:\/\/www.grenobleurl.fr\/sport\/#website"},"datePublished":"2017-09-19T16:48:47+00:00","dateModified":"2017-11-02T20:31:19+00:00","breadcrumb":{"@id":"https:\/\/www.grenobleurl.fr\/sport\/annuaire-du-sport-en-isere\/359\/ff-de-cyclisme\/#breadcrumb"},"inLanguage":"fr-FR","potentialAction":[{"@type":"ReadAction","target":["https:\/\/www.grenobleurl.fr\/sport\/annuaire-du-sport-en-isere\/359\/ff-de-cyclisme\/"]}]},{"@type":"BreadcrumbList","@id":"https:\/\/www.grenobleurl.fr\/sport\/annuaire-du-sport-en-isere\/359\/ff-de-cyclisme\/#breadcrumb","itemListElement":[{"@type":"ListItem","position":1,"name":"Accueil","item":"https:\/\/www.grenobleurl.fr\/sport\/"},{"@type":"ListItem","position":2,"name":"FF de Cyclisme"}]},{"@type":"WebSite","@id":"https:\/\/www.grenobleurl.fr\/sport\/#website","url":"https:\/\/www.grenobleurl.fr\/sport\/","name":"Is\u00e8re-sport","description":"annuaire du sport en Is\u00e8re","publisher":{"@id":"https:\/\/www.grenobleurl.fr\/sport\/#\/schema\/person\/7e8a239b8ffd9a25c4a5b9ab38d5add9"},"potentialAction":[{"@type":"SearchAction","target":{"@type":"EntryPoint","urlTemplate":"https:\/\/www.grenobleurl.fr\/sport\/?s={search_term_string}"},"query-input":{"@type":"PropertyValueSpecification","valueRequired":true,"valueName":"search_term_string"}}],"inLanguage":"fr-FR"},{"@type":["Person","Organization"],"@id":"https:\/\/www.grenobleurl.fr\/sport\/#\/schema\/person\/7e8a239b8ffd9a25c4a5b9ab38d5add9","name":"administrateur","image":{"@type":"ImageObject","inLanguage":"fr-FR","@id":"https:\/\/secure.gravatar.com\/avatar\/d0fc7d68e15c7c456cf6f1b9b774d54a7a9e6452d8deac23b3f1ef133710d3d3?s=96&d=mm&r=g","url":"https:\/\/secure.gravatar.com\/avatar\/d0fc7d68e15c7c456cf6f1b9b774d54a7a9e6452d8deac23b3f1ef133710d3d3?s=96&d=mm&r=g","contentUrl":"https:\/\/secure.gravatar.com\/avatar\/d0fc7d68e15c7c456cf6f1b9b774d54a7a9e6452d8deac23b3f1ef133710d3d3?s=96&d=mm&r=g","caption":"administrateur"},"logo":{"@id":"https:\/\/secure.gravatar.com\/avatar\/d0fc7d68e15c7c456cf6f1b9b774d54a7a9e6452d8deac23b3f1ef133710d3d3?s=96&d=mm&r=g"},"sameAs":["https:\/\/www.facebook.com\/portail.grenobleurl"]}]}},"_links":{"self":[{"href":"https:\/\/www.grenobleurl.fr\/sport\/wp-json\/wp\/v2\/wpbdp_listing\/359","targetHints":{"allow":["GET"]}}],"collection":[{"href":"https:\/\/www.grenobleurl.fr\/sport\/wp-json\/wp\/v2\/wpbdp_listing"}],"about":[{"href":"https:\/\/www.grenobleurl.fr\/sport\/wp-json\/wp\/v2\/types\/wpbdp_listing"}],"author":[{"embeddable":true,"href":"https:\/\/www.grenobleurl.fr\/sport\/wp-json\/wp\/v2\/users\/1"}],"replies":[{"embeddable":true,"href":"https:\/\/www.grenobleurl.fr\/sport\/wp-json\/wp\/v2\/comments?post=359"}],"wp:attachment":[{"href":"https:\/\/www.grenobleurl.fr\/sport\/wp-json\/wp\/v2\/media?parent=359"}],"wp:term":[{"taxonomy":"wpbdp_category","embeddable":true,"href":"https:\/\/www.grenobleurl.fr\/sport\/wp-json\/wp\/v2\/wpbdp_category?post=359"},{"taxonomy":"wpbdp_tag","embeddable":true,"href":"https:\/\/www.grenobleurl.fr\/sport\/wp-json\/wp\/v2\/wpbdp_tag?post=359"}],"curies":[{"name":"wp","href":"https:\/\/api.w.org\/{rel}","templated":true}]}}