{"id":3957,"date":"2023-05-21T18:04:11","date_gmt":"2023-05-21T16:04:11","guid":{"rendered":"https:\/\/www.grenobleurl.fr\/sport\/annuaire-du-sport-en-isere\/3957\/\/"},"modified":"2023-09-18T18:06:24","modified_gmt":"2023-09-18T16:06:24","slug":"florian-jouanny","status":"publish","type":"wpbdp_listing","link":"https:\/\/www.grenobleurl.fr\/sport\/annuaire-du-sport-en-isere\/3957\/florian-jouanny\/","title":{"rendered":"Florian Jouanny"},"content":{"rendered":"<p><img loading=\"lazy\" decoding=\"async\" class=\"alignleft size-medium wp-image-3959\" src=\"https:\/\/www.grenobleurl.fr\/sport\/wp-content\/uploads\/2023\/05\/florianjouanny_podium-300x300.jpg\" alt=\"\" width=\"300\" height=\"300\" srcset=\"https:\/\/www.grenobleurl.fr\/sport\/wp-content\/uploads\/2023\/05\/florianjouanny_podium-300x300.jpg 300w, https:\/\/www.grenobleurl.fr\/sport\/wp-content\/uploads\/2023\/05\/florianjouanny_podium-150x150.jpg 150w, https:\/\/www.grenobleurl.fr\/sport\/wp-content\/uploads\/2023\/05\/florianjouanny_podium-768x768.jpg 768w, https:\/\/www.grenobleurl.fr\/sport\/wp-content\/uploads\/2023\/05\/florianjouanny_podium-703x703.jpg 703w, https:\/\/www.grenobleurl.fr\/sport\/wp-content\/uploads\/2023\/05\/florianjouanny_podium-500x500.jpg 500w, https:\/\/www.grenobleurl.fr\/sport\/wp-content\/uploads\/2023\/05\/florianjouanny_podium.jpg 1000w\" sizes=\"auto, (max-width: 300px) 100vw, 300px\" \/><strong>Florian\u00a0Jouanny, coureur cycliste handisport<\/strong> natif de l\u2019Oisans, est un champion exceptionnel, au regard de ses qualit\u00e9s humaines et de son palmar\u00e8s \u00e9loquent :<br \/>\n\u2013 triple m\u00e9daill\u00e9 (dont 1 d\u2019or) aux Jeux paralympiques de Tokyo en 2021<br \/>\n\u2013 triple m\u00e9daill\u00e9 (dont 2 d\u2019or) aux championnats du monde sur route en 2022 au Canada<br \/>\n\u2013 triple m\u00e9daill\u00e9 (dont 2 d\u2019or) aux championnats d\u2019Europe en Autriche en 2022<br \/>\nPar ailleurs, il est ambassadeur du\u00a0<a href=\"http:\/\/cyclo-seyssins.e-monsite.com\/\" target=\"_blank\" rel=\"noreferrer noopener\">club Seyssins Cyclotourisme<\/a>\u00a0(Is\u00e8re) pour partager les valeurs de vivre\/rouler ensemble et de partage de la route.<\/p>\n","protected":false},"excerpt":{"rendered":"<p>Florian\u00a0Jouanny, coureur cycliste handisport natif de l\u2019Oisans, est un champion exceptionnel, au regard de ses qualit\u00e9s humaines et de son palmar\u00e8s \u00e9loquent : \u2013 triple m\u00e9daill\u00e9 (dont 1 d\u2019or) aux Jeux paralympiques de Tokyo en 2021 \u2013 triple m\u00e9daill\u00e9 (dont 2 d\u2019or) aux championnats du monde sur route en 2022 au Canada \u2013 triple m\u00e9daill\u00e9 &hellip; <\/p>\n<p><a class=\"more-link btn\" href=\"https:\/\/www.grenobleurl.fr\/sport\/annuaire-du-sport-en-isere\/3957\/florian-jouanny\/\">Lire la suite<\/a><\/p>\n","protected":false},"author":1,"featured_media":3959,"comment_status":"open","ping_status":"closed","template":"","meta":[],"wpbdp_category":[5,56,87],"wpbdp_tag":[],"class_list":["post-3957","wpbdp_listing","type-wpbdp_listing","status-publish","has-post-thumbnail","hentry","wpbdp_category-champions-sportifs","wpbdp_category-cyclisme","wpbdp_category-handi-sport","nodate","item-wrap"],"yoast_head":"<!-- This site is optimized with the Yoast SEO plugin v27.3 - https:\/\/yoast.com\/product\/yoast-seo-wordpress\/ -->\n<title>Florian Jouanny - Is\u00e8re-sport<\/title>\n<meta name=\"description\" content=\"Florian\u00a0Jouanny, coureur cycliste handisport natif de l\u2019Oisans, est un champion exceptionnel, au regard de ses qualit\u00e9s\" \/>\n<meta name=\"robots\" content=\"index, follow, max-snippet:-1, max-image-preview:large, max-video-preview:-1\" \/>\n<link rel=\"canonical\" href=\"https:\/\/www.grenobleurl.fr\/sport\/annuaire-du-sport-en-isere\/3957\/florian-jouanny\/\" \/>\n<meta property=\"og:locale\" content=\"fr_FR\" \/>\n<meta property=\"og:type\" content=\"article\" \/>\n<meta property=\"og:title\" content=\"Florian Jouanny - Is\u00e8re-sport\" \/>\n<meta property=\"og:description\" content=\"Florian\u00a0Jouanny, coureur cycliste handisport natif de l\u2019Oisans, est un champion exceptionnel, au regard de ses qualit\u00e9s\" \/>\n<meta property=\"og:url\" content=\"https:\/\/www.grenobleurl.fr\/sport\/annuaire-du-sport-en-isere\/3957\/florian-jouanny\/\" \/>\n<meta property=\"og:site_name\" content=\"Is\u00e8re-sport\" \/>\n<meta property=\"article:publisher\" content=\"https:\/\/www.facebook.com\/portail.grenobleurl\" \/>\n<meta property=\"article:modified_time\" content=\"2023-09-18T16:06:24+00:00\" \/>\n<meta property=\"og:image\" content=\"https:\/\/www.grenobleurl.fr\/sport\/wp-content\/uploads\/2023\/05\/florianjouanny_podium.jpg\" \/>\n\t<meta property=\"og:image:width\" content=\"1000\" \/>\n\t<meta property=\"og:image:height\" content=\"1000\" \/>\n\t<meta property=\"og:image:type\" content=\"image\/jpeg\" \/>\n<meta name=\"twitter:card\" content=\"summary_large_image\" \/>\n<meta name=\"twitter:label1\" content=\"Dur\u00e9e de lecture estim\u00e9e\" \/>\n\t<meta name=\"twitter:data1\" content=\"1 minute\" \/>\n<script type=\"application\/ld+json\" class=\"yoast-schema-graph\">{\"@context\":\"https:\\\/\\\/schema.org\",\"@graph\":[{\"@type\":\"WebPage\",\"@id\":\"https:\\\/\\\/www.grenobleurl.fr\\\/sport\\\/annuaire-du-sport-en-isere\\\/3957\\\/florian-jouanny\\\/\",\"url\":\"https:\\\/\\\/www.grenobleurl.fr\\\/sport\\\/annuaire-du-sport-en-isere\\\/3957\\\/florian-jouanny\\\/\",\"name\":\"Florian Jouanny - Is\u00e8re-sport\",\"isPartOf\":{\"@id\":\"https:\\\/\\\/www.grenobleurl.fr\\\/sport\\\/#website\"},\"primaryImageOfPage\":{\"@id\":\"https:\\\/\\\/www.grenobleurl.fr\\\/sport\\\/annuaire-du-sport-en-isere\\\/3957\\\/florian-jouanny\\\/#primaryimage\"},\"image\":{\"@id\":\"https:\\\/\\\/www.grenobleurl.fr\\\/sport\\\/annuaire-du-sport-en-isere\\\/3957\\\/florian-jouanny\\\/#primaryimage\"},\"thumbnailUrl\":\"https:\\\/\\\/www.grenobleurl.fr\\\/sport\\\/wp-content\\\/uploads\\\/2023\\\/05\\\/florianjouanny_podium.jpg\",\"datePublished\":\"2023-05-21T16:04:11+00:00\",\"dateModified\":\"2023-09-18T16:06:24+00:00\",\"description\":\"Florian\u00a0Jouanny, coureur cycliste handisport natif de l\u2019Oisans, est un champion exceptionnel, au regard de ses qualit\u00e9s\",\"breadcrumb\":{\"@id\":\"https:\\\/\\\/www.grenobleurl.fr\\\/sport\\\/annuaire-du-sport-en-isere\\\/3957\\\/florian-jouanny\\\/#breadcrumb\"},\"inLanguage\":\"fr-FR\",\"potentialAction\":[{\"@type\":\"ReadAction\",\"target\":[\"https:\\\/\\\/www.grenobleurl.fr\\\/sport\\\/annuaire-du-sport-en-isere\\\/3957\\\/florian-jouanny\\\/\"]}]},{\"@type\":\"ImageObject\",\"inLanguage\":\"fr-FR\",\"@id\":\"https:\\\/\\\/www.grenobleurl.fr\\\/sport\\\/annuaire-du-sport-en-isere\\\/3957\\\/florian-jouanny\\\/#primaryimage\",\"url\":\"https:\\\/\\\/www.grenobleurl.fr\\\/sport\\\/wp-content\\\/uploads\\\/2023\\\/05\\\/florianjouanny_podium.jpg\",\"contentUrl\":\"https:\\\/\\\/www.grenobleurl.fr\\\/sport\\\/wp-content\\\/uploads\\\/2023\\\/05\\\/florianjouanny_podium.jpg\",\"width\":1000,\"height\":1000},{\"@type\":\"BreadcrumbList\",\"@id\":\"https:\\\/\\\/www.grenobleurl.fr\\\/sport\\\/annuaire-du-sport-en-isere\\\/3957\\\/florian-jouanny\\\/#breadcrumb\",\"itemListElement\":[{\"@type\":\"ListItem\",\"position\":1,\"name\":\"Accueil\",\"item\":\"https:\\\/\\\/www.grenobleurl.fr\\\/sport\\\/\"},{\"@type\":\"ListItem\",\"position\":2,\"name\":\"Florian Jouanny\"}]},{\"@type\":\"WebSite\",\"@id\":\"https:\\\/\\\/www.grenobleurl.fr\\\/sport\\\/#website\",\"url\":\"https:\\\/\\\/www.grenobleurl.fr\\\/sport\\\/\",\"name\":\"Is\u00e8re-sport\",\"description\":\"annuaire du sport en Is\u00e8re\",\"publisher\":{\"@id\":\"https:\\\/\\\/www.grenobleurl.fr\\\/sport\\\/#\\\/schema\\\/person\\\/7e8a239b8ffd9a25c4a5b9ab38d5add9\"},\"potentialAction\":[{\"@type\":\"SearchAction\",\"target\":{\"@type\":\"EntryPoint\",\"urlTemplate\":\"https:\\\/\\\/www.grenobleurl.fr\\\/sport\\\/?s={search_term_string}\"},\"query-input\":{\"@type\":\"PropertyValueSpecification\",\"valueRequired\":true,\"valueName\":\"search_term_string\"}}],\"inLanguage\":\"fr-FR\"},{\"@type\":[\"Person\",\"Organization\"],\"@id\":\"https:\\\/\\\/www.grenobleurl.fr\\\/sport\\\/#\\\/schema\\\/person\\\/7e8a239b8ffd9a25c4a5b9ab38d5add9\",\"name\":\"administrateur\",\"image\":{\"@type\":\"ImageObject\",\"inLanguage\":\"fr-FR\",\"@id\":\"https:\\\/\\\/secure.gravatar.com\\\/avatar\\\/d0fc7d68e15c7c456cf6f1b9b774d54a7a9e6452d8deac23b3f1ef133710d3d3?s=96&d=mm&r=g\",\"url\":\"https:\\\/\\\/secure.gravatar.com\\\/avatar\\\/d0fc7d68e15c7c456cf6f1b9b774d54a7a9e6452d8deac23b3f1ef133710d3d3?s=96&d=mm&r=g\",\"contentUrl\":\"https:\\\/\\\/secure.gravatar.com\\\/avatar\\\/d0fc7d68e15c7c456cf6f1b9b774d54a7a9e6452d8deac23b3f1ef133710d3d3?s=96&d=mm&r=g\",\"caption\":\"administrateur\"},\"logo\":{\"@id\":\"https:\\\/\\\/secure.gravatar.com\\\/avatar\\\/d0fc7d68e15c7c456cf6f1b9b774d54a7a9e6452d8deac23b3f1ef133710d3d3?s=96&d=mm&r=g\"},\"sameAs\":[\"https:\\\/\\\/www.facebook.com\\\/portail.grenobleurl\"]}]}<\/script>\n<!-- \/ Yoast SEO plugin. -->","yoast_head_json":{"title":"Florian Jouanny - Is\u00e8re-sport","description":"Florian\u00a0Jouanny, coureur cycliste handisport natif de l\u2019Oisans, est un champion exceptionnel, au regard de ses qualit\u00e9s","robots":{"index":"index","follow":"follow","max-snippet":"max-snippet:-1","max-image-preview":"max-image-preview:large","max-video-preview":"max-video-preview:-1"},"canonical":"https:\/\/www.grenobleurl.fr\/sport\/annuaire-du-sport-en-isere\/3957\/florian-jouanny\/","og_locale":"fr_FR","og_type":"article","og_title":"Florian Jouanny - Is\u00e8re-sport","og_description":"Florian\u00a0Jouanny, coureur cycliste handisport natif de l\u2019Oisans, est un champion exceptionnel, au regard de ses qualit\u00e9s","og_url":"https:\/\/www.grenobleurl.fr\/sport\/annuaire-du-sport-en-isere\/3957\/florian-jouanny\/","og_site_name":"Is\u00e8re-sport","article_publisher":"https:\/\/www.facebook.com\/portail.grenobleurl","article_modified_time":"2023-09-18T16:06:24+00:00","og_image":[{"width":1000,"height":1000,"url":"https:\/\/www.grenobleurl.fr\/sport\/wp-content\/uploads\/2023\/05\/florianjouanny_podium.jpg","type":"image\/jpeg"}],"twitter_card":"summary_large_image","twitter_misc":{"Dur\u00e9e de lecture estim\u00e9e":"1 minute"},"schema":{"@context":"https:\/\/schema.org","@graph":[{"@type":"WebPage","@id":"https:\/\/www.grenobleurl.fr\/sport\/annuaire-du-sport-en-isere\/3957\/florian-jouanny\/","url":"https:\/\/www.grenobleurl.fr\/sport\/annuaire-du-sport-en-isere\/3957\/florian-jouanny\/","name":"Florian Jouanny - Is\u00e8re-sport","isPartOf":{"@id":"https:\/\/www.grenobleurl.fr\/sport\/#website"},"primaryImageOfPage":{"@id":"https:\/\/www.grenobleurl.fr\/sport\/annuaire-du-sport-en-isere\/3957\/florian-jouanny\/#primaryimage"},"image":{"@id":"https:\/\/www.grenobleurl.fr\/sport\/annuaire-du-sport-en-isere\/3957\/florian-jouanny\/#primaryimage"},"thumbnailUrl":"https:\/\/www.grenobleurl.fr\/sport\/wp-content\/uploads\/2023\/05\/florianjouanny_podium.jpg","datePublished":"2023-05-21T16:04:11+00:00","dateModified":"2023-09-18T16:06:24+00:00","description":"Florian\u00a0Jouanny, coureur cycliste handisport natif de l\u2019Oisans, est un champion exceptionnel, au regard de ses qualit\u00e9s","breadcrumb":{"@id":"https:\/\/www.grenobleurl.fr\/sport\/annuaire-du-sport-en-isere\/3957\/florian-jouanny\/#breadcrumb"},"inLanguage":"fr-FR","potentialAction":[{"@type":"ReadAction","target":["https:\/\/www.grenobleurl.fr\/sport\/annuaire-du-sport-en-isere\/3957\/florian-jouanny\/"]}]},{"@type":"ImageObject","inLanguage":"fr-FR","@id":"https:\/\/www.grenobleurl.fr\/sport\/annuaire-du-sport-en-isere\/3957\/florian-jouanny\/#primaryimage","url":"https:\/\/www.grenobleurl.fr\/sport\/wp-content\/uploads\/2023\/05\/florianjouanny_podium.jpg","contentUrl":"https:\/\/www.grenobleurl.fr\/sport\/wp-content\/uploads\/2023\/05\/florianjouanny_podium.jpg","width":1000,"height":1000},{"@type":"BreadcrumbList","@id":"https:\/\/www.grenobleurl.fr\/sport\/annuaire-du-sport-en-isere\/3957\/florian-jouanny\/#breadcrumb","itemListElement":[{"@type":"ListItem","position":1,"name":"Accueil","item":"https:\/\/www.grenobleurl.fr\/sport\/"},{"@type":"ListItem","position":2,"name":"Florian Jouanny"}]},{"@type":"WebSite","@id":"https:\/\/www.grenobleurl.fr\/sport\/#website","url":"https:\/\/www.grenobleurl.fr\/sport\/","name":"Is\u00e8re-sport","description":"annuaire du sport en Is\u00e8re","publisher":{"@id":"https:\/\/www.grenobleurl.fr\/sport\/#\/schema\/person\/7e8a239b8ffd9a25c4a5b9ab38d5add9"},"potentialAction":[{"@type":"SearchAction","target":{"@type":"EntryPoint","urlTemplate":"https:\/\/www.grenobleurl.fr\/sport\/?s={search_term_string}"},"query-input":{"@type":"PropertyValueSpecification","valueRequired":true,"valueName":"search_term_string"}}],"inLanguage":"fr-FR"},{"@type":["Person","Organization"],"@id":"https:\/\/www.grenobleurl.fr\/sport\/#\/schema\/person\/7e8a239b8ffd9a25c4a5b9ab38d5add9","name":"administrateur","image":{"@type":"ImageObject","inLanguage":"fr-FR","@id":"https:\/\/secure.gravatar.com\/avatar\/d0fc7d68e15c7c456cf6f1b9b774d54a7a9e6452d8deac23b3f1ef133710d3d3?s=96&d=mm&r=g","url":"https:\/\/secure.gravatar.com\/avatar\/d0fc7d68e15c7c456cf6f1b9b774d54a7a9e6452d8deac23b3f1ef133710d3d3?s=96&d=mm&r=g","contentUrl":"https:\/\/secure.gravatar.com\/avatar\/d0fc7d68e15c7c456cf6f1b9b774d54a7a9e6452d8deac23b3f1ef133710d3d3?s=96&d=mm&r=g","caption":"administrateur"},"logo":{"@id":"https:\/\/secure.gravatar.com\/avatar\/d0fc7d68e15c7c456cf6f1b9b774d54a7a9e6452d8deac23b3f1ef133710d3d3?s=96&d=mm&r=g"},"sameAs":["https:\/\/www.facebook.com\/portail.grenobleurl"]}]}},"_links":{"self":[{"href":"https:\/\/www.grenobleurl.fr\/sport\/wp-json\/wp\/v2\/wpbdp_listing\/3957","targetHints":{"allow":["GET"]}}],"collection":[{"href":"https:\/\/www.grenobleurl.fr\/sport\/wp-json\/wp\/v2\/wpbdp_listing"}],"about":[{"href":"https:\/\/www.grenobleurl.fr\/sport\/wp-json\/wp\/v2\/types\/wpbdp_listing"}],"author":[{"embeddable":true,"href":"https:\/\/www.grenobleurl.fr\/sport\/wp-json\/wp\/v2\/users\/1"}],"replies":[{"embeddable":true,"href":"https:\/\/www.grenobleurl.fr\/sport\/wp-json\/wp\/v2\/comments?post=3957"}],"wp:featuredmedia":[{"embeddable":true,"href":"https:\/\/www.grenobleurl.fr\/sport\/wp-json\/wp\/v2\/media\/3959"}],"wp:attachment":[{"href":"https:\/\/www.grenobleurl.fr\/sport\/wp-json\/wp\/v2\/media?parent=3957"}],"wp:term":[{"taxonomy":"wpbdp_category","embeddable":true,"href":"https:\/\/www.grenobleurl.fr\/sport\/wp-json\/wp\/v2\/wpbdp_category?post=3957"},{"taxonomy":"wpbdp_tag","embeddable":true,"href":"https:\/\/www.grenobleurl.fr\/sport\/wp-json\/wp\/v2\/wpbdp_tag?post=3957"}],"curies":[{"name":"wp","href":"https:\/\/api.w.org\/{rel}","templated":true}]}}