{"id":457,"date":"2017-09-21T21:10:04","date_gmt":"2017-09-21T19:10:04","guid":{"rendered":"http:\/\/www.grenobleurl.fr\/sport\/annuaire-professionnel\/457\/?post_type=wpbdp_listing&#038;p=457"},"modified":"2024-05-05T11:41:58","modified_gmt":"2024-05-05T09:41:58","slug":"balades-et-randonnees-en-isere-et-alentours","status":"publish","type":"wpbdp_listing","link":"https:\/\/www.grenobleurl.fr\/sport\/annuaire-du-sport-en-isere\/457\/balades-et-randonnees-en-isere-et-alentours\/","title":{"rendered":"Balades et randonn\u00e9es en Is\u00e8re et alentours"},"content":{"rendered":"<p><strong>Vous trouverez, sur ce site, la description de quelques promenades et randonn\u00e9es faciles en montagne que nous avons faites principalement dans la r\u00e9gion du <a href=\"http:\/\/famille.berard.pagesperso-orange.fr\/balade\/glossaire.htm#dauphine\"><span style=\"color: #ff00ff;\">Dauphin\u00e9<\/span><\/a>: le <a href=\"http:\/\/famille.berard.pagesperso-orange.fr\/balade\/glossaire.htm#vercors\">Vercors<\/a>, la <a href=\"http:\/\/famille.berard.pagesperso-orange.fr\/balade\/glossaire.htm#chartreuse\">Chartreuse<\/a>, <a href=\"http:\/\/famille.berard.pagesperso-orange.fr\/balade\/glossaire.htm#belledonne\">Belledonne<\/a>, l&rsquo;<a href=\"http:\/\/famille.berard.pagesperso-orange.fr\/balade\/glossaire.htm#oisans\">Oisans<\/a>, le <a href=\"http:\/\/famille.berard.pagesperso-orange.fr\/balade\/glossaire.htm#queyras\">Queyras<\/a>, le <a href=\"http:\/\/famille.berard.pagesperso-orange.fr\/balade\/glossaire.htm#devoluy\">D\u00e9voluy<\/a> et en <span style=\"color: #ff00ff;\">Savoie<\/span>: les <span style=\"color: #0000ff;\">Bauges<\/span>, la <span style=\"color: #0000ff;\">Vanoise<\/span>, le <span style=\"color: #0000ff;\">Beaufortain<\/span>&#8230; <\/strong><\/p>\n","protected":false},"excerpt":{"rendered":"<p>Vous trouverez, sur ce site, la description de quelques promenades et randonn\u00e9es faciles en montagne que nous avons faites principalement dans la r\u00e9gion du Dauphin\u00e9: le Vercors, la Chartreuse, Belledonne, l&rsquo;Oisans, le Queyras, le D\u00e9voluy et en Savoie: les Bauges, la Vanoise, le Beaufortain&#8230;<\/p>\n","protected":false},"author":1,"featured_media":458,"comment_status":"open","ping_status":"closed","template":"","meta":[],"wpbdp_category":[17],"wpbdp_tag":[],"class_list":["post-457","wpbdp_listing","type-wpbdp_listing","status-publish","has-post-thumbnail","hentry","wpbdp_category-montagne-et-nature","nodate","item-wrap"],"yoast_head":"<!-- This site is optimized with the Yoast SEO plugin v27.3 - https:\/\/yoast.com\/product\/yoast-seo-wordpress\/ -->\n<title>Balades et randonn\u00e9es en Is\u00e8re et alentours - Is\u00e8re-sport<\/title>\n<meta name=\"robots\" content=\"index, follow, max-snippet:-1, max-image-preview:large, max-video-preview:-1\" \/>\n<link rel=\"canonical\" href=\"https:\/\/www.grenobleurl.fr\/sport\/annuaire-du-sport-en-isere\/457\/balades-et-randonnees-en-isere-et-alentours\/\" \/>\n<meta property=\"og:locale\" content=\"fr_FR\" \/>\n<meta property=\"og:type\" content=\"article\" \/>\n<meta property=\"og:title\" content=\"Balades et randonn\u00e9es en Is\u00e8re et alentours - Is\u00e8re-sport\" \/>\n<meta property=\"og:description\" content=\"Vous trouverez, sur ce site, la description de quelques promenades et randonn\u00e9es faciles en montagne que nous avons faites principalement dans la r\u00e9gion du Dauphin\u00e9: le Vercors, la Chartreuse, Belledonne, l&rsquo;Oisans, le Queyras, le D\u00e9voluy et en Savoie: les Bauges, la Vanoise, le Beaufortain&#8230;\" \/>\n<meta property=\"og:url\" content=\"https:\/\/www.grenobleurl.fr\/sport\/annuaire-du-sport-en-isere\/457\/balades-et-randonnees-en-isere-et-alentours\/\" \/>\n<meta property=\"og:site_name\" content=\"Is\u00e8re-sport\" \/>\n<meta property=\"article:publisher\" content=\"https:\/\/www.facebook.com\/portail.grenobleurl\" \/>\n<meta property=\"article:modified_time\" content=\"2024-05-05T09:41:58+00:00\" \/>\n<meta property=\"og:image\" content=\"https:\/\/www.grenobleurl.fr\/sport\/wp-content\/uploads\/2017\/09\/familleberard.jpg\" \/>\n\t<meta property=\"og:image:width\" content=\"250\" \/>\n\t<meta property=\"og:image:height\" content=\"189\" \/>\n\t<meta property=\"og:image:type\" content=\"image\/jpeg\" \/>\n<meta name=\"twitter:card\" content=\"summary_large_image\" \/>\n<meta name=\"twitter:label1\" content=\"Dur\u00e9e de lecture estim\u00e9e\" \/>\n\t<meta name=\"twitter:data1\" content=\"1 minute\" \/>\n<script type=\"application\/ld+json\" class=\"yoast-schema-graph\">{\"@context\":\"https:\\\/\\\/schema.org\",\"@graph\":[{\"@type\":\"WebPage\",\"@id\":\"https:\\\/\\\/www.grenobleurl.fr\\\/sport\\\/annuaire-du-sport-en-isere\\\/457\\\/balades-et-randonnees-en-isere-et-alentours\\\/\",\"url\":\"https:\\\/\\\/www.grenobleurl.fr\\\/sport\\\/annuaire-du-sport-en-isere\\\/457\\\/balades-et-randonnees-en-isere-et-alentours\\\/\",\"name\":\"Balades et randonn\u00e9es en Is\u00e8re et alentours - Is\u00e8re-sport\",\"isPartOf\":{\"@id\":\"https:\\\/\\\/www.grenobleurl.fr\\\/sport\\\/#website\"},\"primaryImageOfPage\":{\"@id\":\"https:\\\/\\\/www.grenobleurl.fr\\\/sport\\\/annuaire-du-sport-en-isere\\\/457\\\/balades-et-randonnees-en-isere-et-alentours\\\/#primaryimage\"},\"image\":{\"@id\":\"https:\\\/\\\/www.grenobleurl.fr\\\/sport\\\/annuaire-du-sport-en-isere\\\/457\\\/balades-et-randonnees-en-isere-et-alentours\\\/#primaryimage\"},\"thumbnailUrl\":\"https:\\\/\\\/www.grenobleurl.fr\\\/sport\\\/wp-content\\\/uploads\\\/2017\\\/09\\\/familleberard.jpg\",\"datePublished\":\"2017-09-21T19:10:04+00:00\",\"dateModified\":\"2024-05-05T09:41:58+00:00\",\"breadcrumb\":{\"@id\":\"https:\\\/\\\/www.grenobleurl.fr\\\/sport\\\/annuaire-du-sport-en-isere\\\/457\\\/balades-et-randonnees-en-isere-et-alentours\\\/#breadcrumb\"},\"inLanguage\":\"fr-FR\",\"potentialAction\":[{\"@type\":\"ReadAction\",\"target\":[\"https:\\\/\\\/www.grenobleurl.fr\\\/sport\\\/annuaire-du-sport-en-isere\\\/457\\\/balades-et-randonnees-en-isere-et-alentours\\\/\"]}]},{\"@type\":\"ImageObject\",\"inLanguage\":\"fr-FR\",\"@id\":\"https:\\\/\\\/www.grenobleurl.fr\\\/sport\\\/annuaire-du-sport-en-isere\\\/457\\\/balades-et-randonnees-en-isere-et-alentours\\\/#primaryimage\",\"url\":\"https:\\\/\\\/www.grenobleurl.fr\\\/sport\\\/wp-content\\\/uploads\\\/2017\\\/09\\\/familleberard.jpg\",\"contentUrl\":\"https:\\\/\\\/www.grenobleurl.fr\\\/sport\\\/wp-content\\\/uploads\\\/2017\\\/09\\\/familleberard.jpg\",\"width\":250,\"height\":189},{\"@type\":\"BreadcrumbList\",\"@id\":\"https:\\\/\\\/www.grenobleurl.fr\\\/sport\\\/annuaire-du-sport-en-isere\\\/457\\\/balades-et-randonnees-en-isere-et-alentours\\\/#breadcrumb\",\"itemListElement\":[{\"@type\":\"ListItem\",\"position\":1,\"name\":\"Accueil\",\"item\":\"https:\\\/\\\/www.grenobleurl.fr\\\/sport\\\/\"},{\"@type\":\"ListItem\",\"position\":2,\"name\":\"Balades et randonn\u00e9es en Is\u00e8re et alentours\"}]},{\"@type\":\"WebSite\",\"@id\":\"https:\\\/\\\/www.grenobleurl.fr\\\/sport\\\/#website\",\"url\":\"https:\\\/\\\/www.grenobleurl.fr\\\/sport\\\/\",\"name\":\"Is\u00e8re-sport\",\"description\":\"annuaire du sport en Is\u00e8re\",\"publisher\":{\"@id\":\"https:\\\/\\\/www.grenobleurl.fr\\\/sport\\\/#\\\/schema\\\/person\\\/7e8a239b8ffd9a25c4a5b9ab38d5add9\"},\"potentialAction\":[{\"@type\":\"SearchAction\",\"target\":{\"@type\":\"EntryPoint\",\"urlTemplate\":\"https:\\\/\\\/www.grenobleurl.fr\\\/sport\\\/?s={search_term_string}\"},\"query-input\":{\"@type\":\"PropertyValueSpecification\",\"valueRequired\":true,\"valueName\":\"search_term_string\"}}],\"inLanguage\":\"fr-FR\"},{\"@type\":[\"Person\",\"Organization\"],\"@id\":\"https:\\\/\\\/www.grenobleurl.fr\\\/sport\\\/#\\\/schema\\\/person\\\/7e8a239b8ffd9a25c4a5b9ab38d5add9\",\"name\":\"administrateur\",\"image\":{\"@type\":\"ImageObject\",\"inLanguage\":\"fr-FR\",\"@id\":\"https:\\\/\\\/secure.gravatar.com\\\/avatar\\\/d0fc7d68e15c7c456cf6f1b9b774d54a7a9e6452d8deac23b3f1ef133710d3d3?s=96&d=mm&r=g\",\"url\":\"https:\\\/\\\/secure.gravatar.com\\\/avatar\\\/d0fc7d68e15c7c456cf6f1b9b774d54a7a9e6452d8deac23b3f1ef133710d3d3?s=96&d=mm&r=g\",\"contentUrl\":\"https:\\\/\\\/secure.gravatar.com\\\/avatar\\\/d0fc7d68e15c7c456cf6f1b9b774d54a7a9e6452d8deac23b3f1ef133710d3d3?s=96&d=mm&r=g\",\"caption\":\"administrateur\"},\"logo\":{\"@id\":\"https:\\\/\\\/secure.gravatar.com\\\/avatar\\\/d0fc7d68e15c7c456cf6f1b9b774d54a7a9e6452d8deac23b3f1ef133710d3d3?s=96&d=mm&r=g\"},\"sameAs\":[\"https:\\\/\\\/www.facebook.com\\\/portail.grenobleurl\"]}]}<\/script>\n<!-- \/ Yoast SEO plugin. -->","yoast_head_json":{"title":"Balades et randonn\u00e9es en Is\u00e8re et alentours - Is\u00e8re-sport","robots":{"index":"index","follow":"follow","max-snippet":"max-snippet:-1","max-image-preview":"max-image-preview:large","max-video-preview":"max-video-preview:-1"},"canonical":"https:\/\/www.grenobleurl.fr\/sport\/annuaire-du-sport-en-isere\/457\/balades-et-randonnees-en-isere-et-alentours\/","og_locale":"fr_FR","og_type":"article","og_title":"Balades et randonn\u00e9es en Is\u00e8re et alentours - Is\u00e8re-sport","og_description":"Vous trouverez, sur ce site, la description de quelques promenades et randonn\u00e9es faciles en montagne que nous avons faites principalement dans la r\u00e9gion du Dauphin\u00e9: le Vercors, la Chartreuse, Belledonne, l&rsquo;Oisans, le Queyras, le D\u00e9voluy et en Savoie: les Bauges, la Vanoise, le Beaufortain&#8230;","og_url":"https:\/\/www.grenobleurl.fr\/sport\/annuaire-du-sport-en-isere\/457\/balades-et-randonnees-en-isere-et-alentours\/","og_site_name":"Is\u00e8re-sport","article_publisher":"https:\/\/www.facebook.com\/portail.grenobleurl","article_modified_time":"2024-05-05T09:41:58+00:00","og_image":[{"width":250,"height":189,"url":"https:\/\/www.grenobleurl.fr\/sport\/wp-content\/uploads\/2017\/09\/familleberard.jpg","type":"image\/jpeg"}],"twitter_card":"summary_large_image","twitter_misc":{"Dur\u00e9e de lecture estim\u00e9e":"1 minute"},"schema":{"@context":"https:\/\/schema.org","@graph":[{"@type":"WebPage","@id":"https:\/\/www.grenobleurl.fr\/sport\/annuaire-du-sport-en-isere\/457\/balades-et-randonnees-en-isere-et-alentours\/","url":"https:\/\/www.grenobleurl.fr\/sport\/annuaire-du-sport-en-isere\/457\/balades-et-randonnees-en-isere-et-alentours\/","name":"Balades et randonn\u00e9es en Is\u00e8re et alentours - Is\u00e8re-sport","isPartOf":{"@id":"https:\/\/www.grenobleurl.fr\/sport\/#website"},"primaryImageOfPage":{"@id":"https:\/\/www.grenobleurl.fr\/sport\/annuaire-du-sport-en-isere\/457\/balades-et-randonnees-en-isere-et-alentours\/#primaryimage"},"image":{"@id":"https:\/\/www.grenobleurl.fr\/sport\/annuaire-du-sport-en-isere\/457\/balades-et-randonnees-en-isere-et-alentours\/#primaryimage"},"thumbnailUrl":"https:\/\/www.grenobleurl.fr\/sport\/wp-content\/uploads\/2017\/09\/familleberard.jpg","datePublished":"2017-09-21T19:10:04+00:00","dateModified":"2024-05-05T09:41:58+00:00","breadcrumb":{"@id":"https:\/\/www.grenobleurl.fr\/sport\/annuaire-du-sport-en-isere\/457\/balades-et-randonnees-en-isere-et-alentours\/#breadcrumb"},"inLanguage":"fr-FR","potentialAction":[{"@type":"ReadAction","target":["https:\/\/www.grenobleurl.fr\/sport\/annuaire-du-sport-en-isere\/457\/balades-et-randonnees-en-isere-et-alentours\/"]}]},{"@type":"ImageObject","inLanguage":"fr-FR","@id":"https:\/\/www.grenobleurl.fr\/sport\/annuaire-du-sport-en-isere\/457\/balades-et-randonnees-en-isere-et-alentours\/#primaryimage","url":"https:\/\/www.grenobleurl.fr\/sport\/wp-content\/uploads\/2017\/09\/familleberard.jpg","contentUrl":"https:\/\/www.grenobleurl.fr\/sport\/wp-content\/uploads\/2017\/09\/familleberard.jpg","width":250,"height":189},{"@type":"BreadcrumbList","@id":"https:\/\/www.grenobleurl.fr\/sport\/annuaire-du-sport-en-isere\/457\/balades-et-randonnees-en-isere-et-alentours\/#breadcrumb","itemListElement":[{"@type":"ListItem","position":1,"name":"Accueil","item":"https:\/\/www.grenobleurl.fr\/sport\/"},{"@type":"ListItem","position":2,"name":"Balades et randonn\u00e9es en Is\u00e8re et alentours"}]},{"@type":"WebSite","@id":"https:\/\/www.grenobleurl.fr\/sport\/#website","url":"https:\/\/www.grenobleurl.fr\/sport\/","name":"Is\u00e8re-sport","description":"annuaire du sport en Is\u00e8re","publisher":{"@id":"https:\/\/www.grenobleurl.fr\/sport\/#\/schema\/person\/7e8a239b8ffd9a25c4a5b9ab38d5add9"},"potentialAction":[{"@type":"SearchAction","target":{"@type":"EntryPoint","urlTemplate":"https:\/\/www.grenobleurl.fr\/sport\/?s={search_term_string}"},"query-input":{"@type":"PropertyValueSpecification","valueRequired":true,"valueName":"search_term_string"}}],"inLanguage":"fr-FR"},{"@type":["Person","Organization"],"@id":"https:\/\/www.grenobleurl.fr\/sport\/#\/schema\/person\/7e8a239b8ffd9a25c4a5b9ab38d5add9","name":"administrateur","image":{"@type":"ImageObject","inLanguage":"fr-FR","@id":"https:\/\/secure.gravatar.com\/avatar\/d0fc7d68e15c7c456cf6f1b9b774d54a7a9e6452d8deac23b3f1ef133710d3d3?s=96&d=mm&r=g","url":"https:\/\/secure.gravatar.com\/avatar\/d0fc7d68e15c7c456cf6f1b9b774d54a7a9e6452d8deac23b3f1ef133710d3d3?s=96&d=mm&r=g","contentUrl":"https:\/\/secure.gravatar.com\/avatar\/d0fc7d68e15c7c456cf6f1b9b774d54a7a9e6452d8deac23b3f1ef133710d3d3?s=96&d=mm&r=g","caption":"administrateur"},"logo":{"@id":"https:\/\/secure.gravatar.com\/avatar\/d0fc7d68e15c7c456cf6f1b9b774d54a7a9e6452d8deac23b3f1ef133710d3d3?s=96&d=mm&r=g"},"sameAs":["https:\/\/www.facebook.com\/portail.grenobleurl"]}]}},"_links":{"self":[{"href":"https:\/\/www.grenobleurl.fr\/sport\/wp-json\/wp\/v2\/wpbdp_listing\/457","targetHints":{"allow":["GET"]}}],"collection":[{"href":"https:\/\/www.grenobleurl.fr\/sport\/wp-json\/wp\/v2\/wpbdp_listing"}],"about":[{"href":"https:\/\/www.grenobleurl.fr\/sport\/wp-json\/wp\/v2\/types\/wpbdp_listing"}],"author":[{"embeddable":true,"href":"https:\/\/www.grenobleurl.fr\/sport\/wp-json\/wp\/v2\/users\/1"}],"replies":[{"embeddable":true,"href":"https:\/\/www.grenobleurl.fr\/sport\/wp-json\/wp\/v2\/comments?post=457"}],"wp:featuredmedia":[{"embeddable":true,"href":"https:\/\/www.grenobleurl.fr\/sport\/wp-json\/wp\/v2\/media\/458"}],"wp:attachment":[{"href":"https:\/\/www.grenobleurl.fr\/sport\/wp-json\/wp\/v2\/media?parent=457"}],"wp:term":[{"taxonomy":"wpbdp_category","embeddable":true,"href":"https:\/\/www.grenobleurl.fr\/sport\/wp-json\/wp\/v2\/wpbdp_category?post=457"},{"taxonomy":"wpbdp_tag","embeddable":true,"href":"https:\/\/www.grenobleurl.fr\/sport\/wp-json\/wp\/v2\/wpbdp_tag?post=457"}],"curies":[{"name":"wp","href":"https:\/\/api.w.org\/{rel}","templated":true}]}}